{"id":17817,"date":"2021-07-07T23:21:23","date_gmt":"2021-07-07T21:21:23","guid":{"rendered":"https:\/\/diploma2021.ecolecamondo.fr\/sujet-impose\/aggiornamento-une-mise-a-jour-du-mad\/"},"modified":"2021-09-03T16:58:49","modified_gmt":"2021-09-03T14:58:49","slug":"aggiornamento-une-mise-a-jour-du-mad","status":"publish","type":"subject-imposed","link":"https:\/\/diploma2021.ecolecamondo.fr\/en\/sujet-impose\/manon-nitenberg\/aggiornamento-une-mise-a-jour-du-mad\/","title":{"rendered":"Aggiornamento. Updating the MAD."},"content":{"rendered":"\n<article class=\"text-title bloc\"><div class=\"text-title__content type-text\"><div class=\"text-title__wrapper wrapper typo-scope\"><p class=\"text-title__text h-paragraph style-center gut-hook-text\">Aggiornamento, c&#8217;est l&#8217;adaptation d&#8217;une institution aux contraintes du monde contemporain<\/p><\/div><\/div><\/article>\n\n\n<article class=\"misc-separator bloc\">\n    <hr class=\"misc-separator__hr\">\n<\/article>\n\n\n\n<article class=\"text-title bloc\"><div class=\"text-title__content type-text\"><div class=\"text-title__wrapper wrapper typo-scope\"><p class=\"text-title__text h-paragraph style-center gut-hook-text\">Intention<\/p><\/div><\/div><\/article>\n\n\n<article class=\"misc-separator bloc\">\n    <hr class=\"misc-separator__hr\">\n<\/article>\n\n\n<article class=\"img-fullscreen bloc\">\n    <div class=\"img-fullscreen__content type-image\">\n        <a href=\"https:\/\/diploma2021.ecolecamondo.fr\/content\/uploads\/2021\/07\/ziguigui.png\" class=\"img-fullscreen__wrapper type-block cursor-more no-cursor-simple function-lightbox\">\n            <img decoding=\"async\" src=\"https:\/\/diploma2021.ecolecamondo.fr\/content\/uploads\/2021\/07\/ziguigui.png\" class=\"img-fullscreen__img img-responsive\" alt=\"\">\n        <\/a>\n    <\/div>\n    <\/article>\n\n\n\n<article class=\"text-paragraph bloc\"><div class=\"text-paragraph__content type-text\"><div class=\"text-paragraph__wrapper wrapper typo-scope\"><p class=\"text-paragraph__text p-paragraph style-center gut-hook-text\">Nos trois dispositifs se d\u00e9ploient de la rue en passant par le hall pour conduire le visiteur dans la nef puis au deuxi\u00e8me \u00e9tage dans la r\u00e9sidence et finir ensuite son parcours dans le reste du mus\u00e9e.&nbsp;<\/p><\/div><\/div><\/article>\n\n\n<article class=\"misc-separator bloc\">\n    <hr class=\"misc-separator__hr\">\n<\/article>\n\n\n\n<article class=\"text-title bloc\"><div class=\"text-title__content type-text\"><div class=\"text-title__wrapper wrapper typo-scope\"><p class=\"text-title__text h-paragraph style-center gut-hook-text\">Le Hall<\/p><\/div><\/div><\/article>\n\n\n<article class=\"misc-separator bloc\">\n    <hr class=\"misc-separator__hr\">\n<\/article>\n\n\n<article class=\"img-fullscreen bloc\">\n    <div class=\"img-fullscreen__content type-image\">\n        <a href=\"https:\/\/diploma2021.ecolecamondo.fr\/content\/uploads\/2021\/07\/hall-mad-couleur.png\" class=\"img-fullscreen__wrapper type-block cursor-more no-cursor-simple function-lightbox\">\n            <img decoding=\"async\" src=\"https:\/\/diploma2021.ecolecamondo.fr\/content\/uploads\/2021\/07\/hall-mad-couleur.png\" class=\"img-fullscreen__img img-responsive\" alt=\"\">\n        <\/a>\n    <\/div>\n    <\/article>\n\n\n<article class=\"img-fullscreen bloc\">\n    <div class=\"img-fullscreen__content type-image\">\n        <a href=\"https:\/\/diploma2021.ecolecamondo.fr\/content\/uploads\/2021\/07\/hall-mad.png\" class=\"img-fullscreen__wrapper type-block cursor-more no-cursor-simple function-lightbox\">\n            <img decoding=\"async\" src=\"https:\/\/diploma2021.ecolecamondo.fr\/content\/uploads\/2021\/07\/hall-mad.png\" class=\"img-fullscreen__img img-responsive\" alt=\"\">\n        <\/a>\n    <\/div>\n    <\/article>\n\n\n\n<article class=\"text-paragraph bloc\"><div class=\"text-paragraph__content type-text\"><div class=\"text-paragraph__wrapper wrapper typo-scope\"><p class=\"text-paragraph__text p-paragraph style-center gut-hook-text\">Le tube est un dispositif immersif et interactif. Les artistes, les \u00e9l\u00e8ves de la r\u00e9sidence et les visiteurs peuvent investir le lieu par le biais d&#8217;une application d\u00e9di\u00e9e au MAD.<\/p><\/div><\/div><\/article>\n\n\n<article class=\"img-triple-triptych bloc\">\n    <div class=\"img-triple-triptych__content type-image\">\n        <div class=\"img-triple-triptych__grid\">\n            <div class=\"row\">\n                <div class=\"col-xs-12 col-sm-4 col-sp\">\n                    <a href=\"https:\/\/diploma2021.ecolecamondo.fr\/content\/uploads\/2021\/07\/application-glissees_page-0001-1697x2400.jpg\" class=\"img-triple-triptych__wrapper type-block cursor-more no-cursor-simple function-lightbox\">\n                        <div class=\"img-triple-triptych__placeholder style-background ar ar-custom-3 lazy\" data-src=\"https:\/\/diploma2021.ecolecamondo.fr\/content\/uploads\/2021\/07\/application-glissees_page-0001-1357x1920.jpg\" data-height=\"2481\" data-width=\"1754\" alt=\"\"><\/div>\n                    <\/a>\n                <\/div>\n                <div class=\"col-xs-12 col-sm-4 col-sp\">\n                    <a href=\"https:\/\/diploma2021.ecolecamondo.fr\/content\/uploads\/2021\/07\/application-glissees-3_page-0001-1697x2400.jpg\" class=\"img-triple-triptych__wrapper type-block cursor-more no-cursor-simple function-lightbox\">\n                        <div class=\"img-triple-triptych__placeholder style-background ar ar-custom-3 lazy\" data-src=\"https:\/\/diploma2021.ecolecamondo.fr\/content\/uploads\/2021\/07\/application-glissees-3_page-0001-1357x1920.jpg\" data-height=\"2481\" data-width=\"1754\" alt=\"\"><\/div>\n                    <\/a>\n                <\/div>\n                <div class=\"col-xs-12 col-sm-4 col-sp\">\n                    <a href=\"https:\/\/diploma2021.ecolecamondo.fr\/content\/uploads\/2021\/07\/application-glissees-4_page-0001-1697x2400.jpg\" class=\"img-triple-triptych__wrapper type-block cursor-more no-cursor-simple function-lightbox\">\n                        <div class=\"img-triple-triptych__placeholder style-background ar ar-custom-3 lazy\" data-src=\"https:\/\/diploma2021.ecolecamondo.fr\/content\/uploads\/2021\/07\/application-glissees-4_page-0001-1357x1920.jpg\" data-height=\"2481\" data-width=\"1754\" alt=\"\"><\/div>\n                    <\/a>\n                <\/div>\n            <\/div>\n        <\/div>\n    <\/div>\n    <\/article>\n\n\n<article class=\"misc-separator bloc\">\n    <hr class=\"misc-separator__hr\">\n<\/article>\n\n\n\n<article class=\"text-title bloc\"><div class=\"text-title__content type-text\"><div class=\"text-title__wrapper wrapper typo-scope\"><p class=\"text-title__text h-paragraph style-center gut-hook-text\">L&#8217;accueil<\/p><\/div><\/div><\/article>\n\n\n<article class=\"misc-separator bloc\">\n    <hr class=\"misc-separator__hr\">\n<\/article>\n\n\n<article class=\"img-fullscreen bloc\">\n    <div class=\"img-fullscreen__content type-image\">\n        <a href=\"https:\/\/diploma2021.ecolecamondo.fr\/content\/uploads\/2021\/07\/artsdeco_final.png\" class=\"img-fullscreen__wrapper type-block cursor-more no-cursor-simple function-lightbox\">\n            <img decoding=\"async\" src=\"https:\/\/diploma2021.ecolecamondo.fr\/content\/uploads\/2021\/07\/artsdeco_final.png\" class=\"img-fullscreen__img img-responsive\" alt=\"\">\n        <\/a>\n    <\/div>\n    <\/article>\n\n\n<article class=\"img-fullscreen bloc\">\n    <div class=\"img-fullscreen__content type-image\">\n        <a href=\"https:\/\/diploma2021.ecolecamondo.fr\/content\/uploads\/2021\/07\/artsdeco_vestiaire_final.png\" class=\"img-fullscreen__wrapper type-block cursor-more no-cursor-simple function-lightbox\">\n            <img decoding=\"async\" src=\"https:\/\/diploma2021.ecolecamondo.fr\/content\/uploads\/2021\/07\/artsdeco_vestiaire_final.png\" class=\"img-fullscreen__img img-responsive\" alt=\"\">\n        <\/a>\n    <\/div>\n    <\/article>\n\n\n\n<article class=\"text-paragraph bloc\"><div class=\"text-paragraph__content type-text\"><div class=\"text-paragraph__wrapper wrapper typo-scope\"><p class=\"text-paragraph__text p-paragraph style-center gut-hook-text\">Le hall prend place sous le tube dans l&#8217;espace Lefuel. C&#8217;est un lieu de rendez-vous, d&#8217;achat de billets et d&#8217;informations. Lorsque la nef accueille un \u00e9v\u00e9nement, il se transforme en vestiaire et en accueil.<\/p><\/div><\/div><\/article>\n\n\n<article class=\"misc-separator bloc\">\n    <hr class=\"misc-separator__hr\">\n<\/article>\n\n\n\n<article class=\"text-title bloc\"><div class=\"text-title__content type-text\"><div class=\"text-title__wrapper wrapper typo-scope\"><p class=\"text-title__text h-paragraph style-center gut-hook-text\">La Nef<\/p><\/div><\/div><\/article>\n\n\n<article class=\"misc-separator bloc\">\n    <hr class=\"misc-separator__hr\">\n<\/article>\n\n\n\n<article class=\"text-paragraph bloc\"><div class=\"text-paragraph__content type-text\"><div class=\"text-paragraph__wrapper wrapper typo-scope\"><p class=\"text-paragraph__text p-paragraph style-center gut-hook-text\">La nef est un lieu modulable. Elle accueille des services permanents dans les ailes Rivolis et Tuileries, adaptable \u00e0 diff\u00e9rents \u00e9v\u00e8nements. Le centre de la nef lui est totalement modulable et peut se vider pour accueillir un exposition ou un \u00e9v\u00e8nement priv\u00e9.<\/p><\/div><\/div><\/article>\n\n\n<article class=\"img-fullscreen bloc\">\n    <div class=\"img-fullscreen__content type-image\">\n        <a href=\"https:\/\/diploma2021.ecolecamondo.fr\/content\/uploads\/2021\/07\/axonometrie-plan-de-base-2868x2400.png\" class=\"img-fullscreen__wrapper type-block cursor-more no-cursor-simple function-lightbox\">\n            <img decoding=\"async\" src=\"https:\/\/diploma2021.ecolecamondo.fr\/content\/uploads\/2021\/07\/axonometrie-plan-de-base-2294x1920.png\" class=\"img-fullscreen__img img-responsive\" alt=\"\">\n        <\/a>\n    <\/div>\n    <\/article>\n\n\n<article class=\"misc-separator bloc\">\n    <hr class=\"misc-separator__hr\">\n<\/article>\n\n\n<article class=\"img-fullscreen bloc\">\n    <div class=\"img-fullscreen__content type-image\">\n        <a href=\"https:\/\/diploma2021.ecolecamondo.fr\/content\/uploads\/2021\/07\/boutique--3492x2400.png\" class=\"img-fullscreen__wrapper type-block cursor-more no-cursor-simple function-lightbox\">\n            <img decoding=\"async\" src=\"https:\/\/diploma2021.ecolecamondo.fr\/content\/uploads\/2021\/07\/boutique--2794x1920.png\" class=\"img-fullscreen__img img-responsive\" alt=\"\">\n        <\/a>\n    <\/div>\n    <\/article>\n\n\n<article class=\"img-fullscreen bloc\">\n    <div class=\"img-fullscreen__content type-image\">\n        <a href=\"https:\/\/diploma2021.ecolecamondo.fr\/content\/uploads\/2021\/07\/boutque1-3500x2387.png\" class=\"img-fullscreen__wrapper type-block cursor-more no-cursor-simple function-lightbox\">\n            <img decoding=\"async\" src=\"https:\/\/diploma2021.ecolecamondo.fr\/content\/uploads\/2021\/07\/boutque1-2815x1920.png\" class=\"img-fullscreen__img img-responsive\" alt=\"\">\n        <\/a>\n    <\/div>\n        <figcaption class=\"img-fullscreen__legend p-legend style-center typo-scope\">Une libraire boutique, qui peut s&#8217;adapter afin de recevoir un pop-up store ou la signature d&#8217;un livre.\n<\/figcaption>\n    <\/article>\n\n\n<article class=\"misc-separator bloc\">\n    <hr class=\"misc-separator__hr\">\n<\/article>\n\n\n<article class=\"img-fullscreen bloc\">\n    <div class=\"img-fullscreen__content type-image\">\n        <a href=\"https:\/\/diploma2021.ecolecamondo.fr\/content\/uploads\/2021\/07\/buebalcon.jpg\" class=\"img-fullscreen__wrapper type-block cursor-more no-cursor-simple function-lightbox\">\n            <img decoding=\"async\" src=\"https:\/\/diploma2021.ecolecamondo.fr\/content\/uploads\/2021\/07\/buebalcon.jpg\" class=\"img-fullscreen__img img-responsive\" alt=\"\">\n        <\/a>\n    <\/div>\n    <\/article>\n\n\n<article class=\"img-fullscreen bloc\">\n    <div class=\"img-fullscreen__content type-image\">\n        <a href=\"https:\/\/diploma2021.ecolecamondo.fr\/content\/uploads\/2021\/07\/espace-enfant-.jpg\" class=\"img-fullscreen__wrapper type-block cursor-more no-cursor-simple function-lightbox\">\n            <img decoding=\"async\" src=\"https:\/\/diploma2021.ecolecamondo.fr\/content\/uploads\/2021\/07\/espace-enfant-.jpg\" class=\"img-fullscreen__img img-responsive\" alt=\"\">\n        <\/a>\n    <\/div>\n    <\/article>\n\n\n<article class=\"img-fullscreen bloc\">\n    <div class=\"img-fullscreen__content type-image\">\n        <a href=\"https:\/\/diploma2021.ecolecamondo.fr\/content\/uploads\/2021\/07\/affichage.jpg\" class=\"img-fullscreen__wrapper type-block cursor-more no-cursor-simple function-lightbox\">\n            <img decoding=\"async\" src=\"https:\/\/diploma2021.ecolecamondo.fr\/content\/uploads\/2021\/07\/affichage.jpg\" class=\"img-fullscreen__img img-responsive\" alt=\"\">\n        <\/a>\n    <\/div>\n    <\/article>\n\n\n\n<article class=\"text-paragraph bloc\"><div class=\"text-paragraph__content type-text\"><div class=\"text-paragraph__wrapper wrapper typo-scope\"><p class=\"text-paragraph__text p-paragraph style-center gut-hook-text\">La nef est un espace mall\u00e9able, qui accueille&nbsp;diff\u00e9rents \u00e9v\u00e8nements vivant venant ponctuer la vie du mus\u00e9e entre deux expositions.&nbsp;<\/p><\/div><\/div><\/article>\n\n\n<article class=\"misc-separator bloc\">\n    <hr class=\"misc-separator__hr\">\n<\/article>\n\n\n\n<article class=\"text-title bloc\"><div class=\"text-title__content type-text\"><div class=\"text-title__wrapper wrapper typo-scope\"><p class=\"text-title__text h-paragraph style-center gut-hook-text\">La R\u00e9sidence<\/p><\/div><\/div><\/article>\n\n\n<article class=\"misc-separator bloc\">\n    <hr class=\"misc-separator__hr\">\n<\/article>\n\n\n<article class=\"img-fullscreen bloc\">\n    <div class=\"img-fullscreen__content type-image\">\n        <a href=\"https:\/\/diploma2021.ecolecamondo.fr\/content\/uploads\/2021\/07\/residence-axo-generale-3500x2042.png\" class=\"img-fullscreen__wrapper type-block cursor-more no-cursor-simple function-lightbox\">\n            <img decoding=\"async\" src=\"https:\/\/diploma2021.ecolecamondo.fr\/content\/uploads\/2021\/07\/residence-axo-generale-2880x1680.png\" class=\"img-fullscreen__img img-responsive\" alt=\"\">\n        <\/a>\n    <\/div>\n    <\/article>\n\n\n<article class=\"misc-separator bloc\">\n    <hr class=\"misc-separator__hr\">\n<\/article>\n\n\n<article class=\"img-fullscreen bloc\">\n    <div class=\"img-fullscreen__content type-image\">\n        <a href=\"https:\/\/diploma2021.ecolecamondo.fr\/content\/uploads\/2021\/07\/residence-espace-partage-3201x2400.png\" class=\"img-fullscreen__wrapper type-block cursor-more no-cursor-simple function-lightbox\">\n            <img decoding=\"async\" src=\"https:\/\/diploma2021.ecolecamondo.fr\/content\/uploads\/2021\/07\/residence-espace-partage-2561x1920.png\" class=\"img-fullscreen__img img-responsive\" alt=\"\">\n        <\/a>\n    <\/div>\n    <\/article>\n\n\n<article class=\"img-fullscreen bloc\">\n    <div class=\"img-fullscreen__content type-image\">\n        <a href=\"https:\/\/diploma2021.ecolecamondo.fr\/content\/uploads\/2021\/07\/residence-zoom-studio-3084x2400.png\" class=\"img-fullscreen__wrapper type-block cursor-more no-cursor-simple function-lightbox\">\n            <img decoding=\"async\" src=\"https:\/\/diploma2021.ecolecamondo.fr\/content\/uploads\/2021\/07\/residence-zoom-studio-2467x1920.png\" class=\"img-fullscreen__img img-responsive\" alt=\"\">\n        <\/a>\n    <\/div>\n    <\/article>\n\n\n\n<article class=\"text-paragraph bloc\"><div class=\"text-paragraph__content type-text\"><div class=\"text-paragraph__wrapper wrapper typo-scope\"><p class=\"text-paragraph__text p-paragraph style-center gut-hook-text\">La r\u00e9sidence est le lieu o\u00f9 se m\u00ealent les diff\u00e9rents acteurs du mus\u00e9e.<br>Cet espace \u00e0 pour but de replacer la transmission au c\u0153ur de l&#8217;institution qu&#8217;est le mus\u00e9e des Arts D\u00e9coratifs aujourd&#8217;hui.<\/p><\/div><\/div><\/article>\n\n\n<article class=\"misc-separator bloc\">\n    <hr class=\"misc-separator__hr\">\n<\/article>\n\n\n\n<article class=\"text-title bloc\"><div class=\"text-title__content type-text\"><div class=\"text-title__wrapper wrapper typo-scope\"><p class=\"text-title__text h-paragraph style-center gut-hook-text\">Avec cet aggiornamento, le MAD n&#8217;est plus un lieu fig\u00e9 mais dynamique, ouvert \u00e0 un public pluriel.<\/p><\/div><\/div><\/article>\n\n\n<article class=\"misc-separator bloc\">\n    <hr class=\"misc-separator__hr\">\n<\/article>\n","protected":false},"author":174,"featured_media":17819,"template":"","meta":{"_acf_changed":false,"_metafield_presentation":"Our update of the Mus\u00e9e des Arts D\u00e9coratifs relates to three spaces: the hall, the nave and the residence. This project proposes an architectural and scenographic treatment that puts the institution\u2019s societal mission front and centre. In the hall, the tube, an interactive installation, orients the visitor who becomes an agent of their experience. The nave will be transformed. It will become a colourful, modular museum space hosting both exhibitions and a range of services. We envisage an open workspace, the residence, a forum for exchange and projects, dedicated to the \u00c9cole Camondo and artists in residence. Complementing the permanent exhibitions, the visitor will have three distinct experiences. The MAD will no longer be a static place but a dynamic venue open to a diverse audience.","_metafield_image_toggle":true,"_metafield_image_legend":"Entrez dans la nef du Mus\u00e9e des Arts D\u00e9coratifs, un lieu vivant et nouveau."},"teachers_list_2":[24],"class_list":["post-17817","subject-imposed","type-subject-imposed","status-publish","has-post-thumbnail","hentry","teachers_list_2-vincent-tordjman"],"acf":[],"yoast_head":"<!-- This site is optimized with the Yoast SEO plugin v27.2 - https:\/\/yoast.com\/product\/yoast-seo-wordpress\/ -->\n<title>Aggiornamento. Updating the MAD. - Diploma Camondo \u00e9dition 2021<\/title>\n<meta name=\"robots\" content=\"index, follow, max-snippet:-1, max-image-preview:large, max-video-preview:-1\" \/>\n<link rel=\"canonical\" href=\"https:\/\/diploma2021.ecolecamondo.fr\/en\/sujet-impose\/manon-nitenberg\/aggiornamento-une-mise-a-jour-du-mad\/\" \/>\n<meta property=\"og:locale\" content=\"en_US\" \/>\n<meta property=\"og:type\" content=\"article\" \/>\n<meta property=\"og:title\" content=\"Aggiornamento. Updating the MAD. - Diploma Camondo \u00e9dition 2021\" \/>\n<meta property=\"og:url\" content=\"https:\/\/diploma2021.ecolecamondo.fr\/en\/sujet-impose\/manon-nitenberg\/aggiornamento-une-mise-a-jour-du-mad\/\" \/>\n<meta property=\"og:site_name\" content=\"Diploma Camondo \u00e9dition 2021\" \/>\n<meta property=\"article:publisher\" content=\"https:\/\/fr-fr.facebook.com\/Ecole-Camondo-162722323743179\/\" \/>\n<meta property=\"article:modified_time\" content=\"2021-09-03T14:58:49+00:00\" \/>\n<meta property=\"og:image\" content=\"https:\/\/diploma2021.ecolecamondo.fr\/content\/uploads\/2021\/07\/vueglobale.jpg\" \/>\n\t<meta property=\"og:image:width\" content=\"1684\" \/>\n\t<meta property=\"og:image:height\" content=\"1191\" \/>\n\t<meta property=\"og:image:type\" content=\"image\/jpeg\" \/>\n<meta name=\"twitter:card\" content=\"summary_large_image\" \/>\n<meta name=\"twitter:label1\" content=\"Est. reading time\" \/>\n\t<meta name=\"twitter:data1\" content=\"1 minute\" \/>\n<script type=\"application\/ld+json\" class=\"yoast-schema-graph\">{\"@context\":\"https:\/\/schema.org\",\"@graph\":[{\"@type\":\"WebPage\",\"@id\":\"https:\/\/diploma2021.ecolecamondo.fr\/en\/sujet-impose\/manon-nitenberg\/aggiornamento-une-mise-a-jour-du-mad\/\",\"url\":\"https:\/\/diploma2021.ecolecamondo.fr\/en\/sujet-impose\/manon-nitenberg\/aggiornamento-une-mise-a-jour-du-mad\/\",\"name\":\"Aggiornamento. Updating the MAD. - Diploma Camondo \u00e9dition 2021\",\"isPartOf\":{\"@id\":\"https:\/\/diploma2021.ecolecamondo.fr\/en\/#website\"},\"primaryImageOfPage\":{\"@id\":\"https:\/\/diploma2021.ecolecamondo.fr\/en\/sujet-impose\/manon-nitenberg\/aggiornamento-une-mise-a-jour-du-mad\/#primaryimage\"},\"image\":{\"@id\":\"https:\/\/diploma2021.ecolecamondo.fr\/en\/sujet-impose\/manon-nitenberg\/aggiornamento-une-mise-a-jour-du-mad\/#primaryimage\"},\"thumbnailUrl\":\"https:\/\/diploma2021.ecolecamondo.fr\/content\/uploads\/2021\/07\/vueglobale.jpg\",\"datePublished\":\"2021-07-07T21:21:23+00:00\",\"dateModified\":\"2021-09-03T14:58:49+00:00\",\"breadcrumb\":{\"@id\":\"https:\/\/diploma2021.ecolecamondo.fr\/en\/sujet-impose\/manon-nitenberg\/aggiornamento-une-mise-a-jour-du-mad\/#breadcrumb\"},\"inLanguage\":\"en-US\",\"potentialAction\":[{\"@type\":\"ReadAction\",\"target\":[\"https:\/\/diploma2021.ecolecamondo.fr\/en\/sujet-impose\/manon-nitenberg\/aggiornamento-une-mise-a-jour-du-mad\/\"]}]},{\"@type\":\"ImageObject\",\"inLanguage\":\"en-US\",\"@id\":\"https:\/\/diploma2021.ecolecamondo.fr\/en\/sujet-impose\/manon-nitenberg\/aggiornamento-une-mise-a-jour-du-mad\/#primaryimage\",\"url\":\"https:\/\/diploma2021.ecolecamondo.fr\/content\/uploads\/2021\/07\/vueglobale.jpg\",\"contentUrl\":\"https:\/\/diploma2021.ecolecamondo.fr\/content\/uploads\/2021\/07\/vueglobale.jpg\",\"width\":1684,\"height\":1191},{\"@type\":\"BreadcrumbList\",\"@id\":\"https:\/\/diploma2021.ecolecamondo.fr\/en\/sujet-impose\/manon-nitenberg\/aggiornamento-une-mise-a-jour-du-mad\/#breadcrumb\",\"itemListElement\":[{\"@type\":\"ListItem\",\"position\":1,\"name\":\"Accueil\",\"item\":\"https:\/\/diploma2021.ecolecamondo.fr\/en\/\"},{\"@type\":\"ListItem\",\"position\":2,\"name\":\"Aggiornamento. Updating the MAD.\"}]},{\"@type\":\"WebSite\",\"@id\":\"https:\/\/diploma2021.ecolecamondo.fr\/en\/#website\",\"url\":\"https:\/\/diploma2021.ecolecamondo.fr\/en\/\",\"name\":\"Diploma Camondo \u00e9dition 2021\",\"description\":\"Travaux des \u00e9tudiants de 5e ann\u00e9e de l&#039;\u00c9cole Camondo\",\"potentialAction\":[{\"@type\":\"SearchAction\",\"target\":{\"@type\":\"EntryPoint\",\"urlTemplate\":\"https:\/\/diploma2021.ecolecamondo.fr\/en\/?s={search_term_string}\"},\"query-input\":{\"@type\":\"PropertyValueSpecification\",\"valueRequired\":true,\"valueName\":\"search_term_string\"}}],\"inLanguage\":\"en-US\"}]}<\/script>\n<!-- \/ Yoast SEO plugin. -->","yoast_head_json":{"title":"Aggiornamento. Updating the MAD. - Diploma Camondo \u00e9dition 2021","robots":{"index":"index","follow":"follow","max-snippet":"max-snippet:-1","max-image-preview":"max-image-preview:large","max-video-preview":"max-video-preview:-1"},"canonical":"https:\/\/diploma2021.ecolecamondo.fr\/en\/sujet-impose\/manon-nitenberg\/aggiornamento-une-mise-a-jour-du-mad\/","og_locale":"en_US","og_type":"article","og_title":"Aggiornamento. Updating the MAD. - Diploma Camondo \u00e9dition 2021","og_url":"https:\/\/diploma2021.ecolecamondo.fr\/en\/sujet-impose\/manon-nitenberg\/aggiornamento-une-mise-a-jour-du-mad\/","og_site_name":"Diploma Camondo \u00e9dition 2021","article_publisher":"https:\/\/fr-fr.facebook.com\/Ecole-Camondo-162722323743179\/","article_modified_time":"2021-09-03T14:58:49+00:00","og_image":[{"width":1684,"height":1191,"url":"https:\/\/diploma2021.ecolecamondo.fr\/content\/uploads\/2021\/07\/vueglobale.jpg","type":"image\/jpeg"}],"twitter_card":"summary_large_image","twitter_misc":{"Est. reading time":"1 minute"},"schema":{"@context":"https:\/\/schema.org","@graph":[{"@type":"WebPage","@id":"https:\/\/diploma2021.ecolecamondo.fr\/en\/sujet-impose\/manon-nitenberg\/aggiornamento-une-mise-a-jour-du-mad\/","url":"https:\/\/diploma2021.ecolecamondo.fr\/en\/sujet-impose\/manon-nitenberg\/aggiornamento-une-mise-a-jour-du-mad\/","name":"Aggiornamento. Updating the MAD. - Diploma Camondo \u00e9dition 2021","isPartOf":{"@id":"https:\/\/diploma2021.ecolecamondo.fr\/en\/#website"},"primaryImageOfPage":{"@id":"https:\/\/diploma2021.ecolecamondo.fr\/en\/sujet-impose\/manon-nitenberg\/aggiornamento-une-mise-a-jour-du-mad\/#primaryimage"},"image":{"@id":"https:\/\/diploma2021.ecolecamondo.fr\/en\/sujet-impose\/manon-nitenberg\/aggiornamento-une-mise-a-jour-du-mad\/#primaryimage"},"thumbnailUrl":"https:\/\/diploma2021.ecolecamondo.fr\/content\/uploads\/2021\/07\/vueglobale.jpg","datePublished":"2021-07-07T21:21:23+00:00","dateModified":"2021-09-03T14:58:49+00:00","breadcrumb":{"@id":"https:\/\/diploma2021.ecolecamondo.fr\/en\/sujet-impose\/manon-nitenberg\/aggiornamento-une-mise-a-jour-du-mad\/#breadcrumb"},"inLanguage":"en-US","potentialAction":[{"@type":"ReadAction","target":["https:\/\/diploma2021.ecolecamondo.fr\/en\/sujet-impose\/manon-nitenberg\/aggiornamento-une-mise-a-jour-du-mad\/"]}]},{"@type":"ImageObject","inLanguage":"en-US","@id":"https:\/\/diploma2021.ecolecamondo.fr\/en\/sujet-impose\/manon-nitenberg\/aggiornamento-une-mise-a-jour-du-mad\/#primaryimage","url":"https:\/\/diploma2021.ecolecamondo.fr\/content\/uploads\/2021\/07\/vueglobale.jpg","contentUrl":"https:\/\/diploma2021.ecolecamondo.fr\/content\/uploads\/2021\/07\/vueglobale.jpg","width":1684,"height":1191},{"@type":"BreadcrumbList","@id":"https:\/\/diploma2021.ecolecamondo.fr\/en\/sujet-impose\/manon-nitenberg\/aggiornamento-une-mise-a-jour-du-mad\/#breadcrumb","itemListElement":[{"@type":"ListItem","position":1,"name":"Accueil","item":"https:\/\/diploma2021.ecolecamondo.fr\/en\/"},{"@type":"ListItem","position":2,"name":"Aggiornamento. Updating the MAD."}]},{"@type":"WebSite","@id":"https:\/\/diploma2021.ecolecamondo.fr\/en\/#website","url":"https:\/\/diploma2021.ecolecamondo.fr\/en\/","name":"Diploma Camondo \u00e9dition 2021","description":"Travaux des \u00e9tudiants de 5e ann\u00e9e de l&#039;\u00c9cole Camondo","potentialAction":[{"@type":"SearchAction","target":{"@type":"EntryPoint","urlTemplate":"https:\/\/diploma2021.ecolecamondo.fr\/en\/?s={search_term_string}"},"query-input":{"@type":"PropertyValueSpecification","valueRequired":true,"valueName":"search_term_string"}}],"inLanguage":"en-US"}]}},"_links":{"self":[{"href":"https:\/\/diploma2021.ecolecamondo.fr\/en\/wp-json\/wp\/v2\/subject-imposed\/17817","targetHints":{"allow":["GET"]}}],"collection":[{"href":"https:\/\/diploma2021.ecolecamondo.fr\/en\/wp-json\/wp\/v2\/subject-imposed"}],"about":[{"href":"https:\/\/diploma2021.ecolecamondo.fr\/en\/wp-json\/wp\/v2\/types\/subject-imposed"}],"author":[{"embeddable":true,"href":"https:\/\/diploma2021.ecolecamondo.fr\/en\/wp-json\/wp\/v2\/users\/174"}],"wp:featuredmedia":[{"embeddable":true,"href":"https:\/\/diploma2021.ecolecamondo.fr\/en\/wp-json\/wp\/v2\/media\/17819"}],"wp:attachment":[{"href":"https:\/\/diploma2021.ecolecamondo.fr\/en\/wp-json\/wp\/v2\/media?parent=17817"}],"wp:term":[{"taxonomy":"teachers_list_2","embeddable":true,"href":"https:\/\/diploma2021.ecolecamondo.fr\/en\/wp-json\/wp\/v2\/teachers_list_2?post=17817"}],"curies":[{"name":"wp","href":"https:\/\/api.w.org\/{rel}","templated":true}]}}