{"id":17731,"date":"2021-07-19T01:00:11","date_gmt":"2021-07-18T23:00:11","guid":{"rendered":"https:\/\/diploma2021.ecolecamondo.fr\/sujet-impose\/portes-ouvertes-quand-le-musee-ouvre-ses-oeuvres-2\/"},"modified":"2021-09-03T15:25:09","modified_gmt":"2021-09-03T13:25:09","slug":"portes-ouvertes-quand-le-musee-ouvre-ses-oeuvres-2","status":"publish","type":"subject-imposed","link":"https:\/\/diploma2021.ecolecamondo.fr\/en\/sujet-impose\/elisa-taieb\/portes-ouvertes-quand-le-musee-ouvre-ses-oeuvres-2\/","title":{"rendered":"Open Doors \u2013 When the museum opens its oeuvre"},"content":{"rendered":"\n<article class=\"text-title bloc\"><div class=\"text-title__content type-text\"><div class=\"text-title__wrapper wrapper typo-scope\"><p class=\"text-title__text h-paragraph style-center gut-hook-text\">INTENTIONS<\/p><\/div><\/div><\/article>\n\n\n<article class=\"img-fullscreen bloc\">\n    <div class=\"img-fullscreen__content type-image\">\n        <a href=\"https:\/\/diploma2021.ecolecamondo.fr\/content\/uploads\/2021\/07\/axo-min.gif\" class=\"img-fullscreen__wrapper type-block cursor-more no-cursor-simple function-lightbox\">\n            <img decoding=\"async\" src=\"https:\/\/diploma2021.ecolecamondo.fr\/content\/uploads\/2021\/07\/axo-min.gif\" class=\"img-fullscreen__img img-responsive\" alt=\"\">\n        <\/a>\n    <\/div>\n    <\/article>\n\n\n\n<article class=\"text-title bloc\"><div class=\"text-title__content type-text\"><div class=\"text-title__wrapper wrapper typo-scope\"><p class=\"text-title__text h-paragraph style-center gut-hook-text\">PROJET<\/p><\/div><\/div><\/article>\n\n\n\n<article class=\"text-paragraph bloc\"><div class=\"text-paragraph__content type-text\"><div class=\"text-paragraph__wrapper wrapper typo-scope\"><p class=\"text-paragraph__text p-paragraph style-center gut-hook-text\">Au sein du Mus\u00e9e des Arts D\u00e9coratifs, nous venons cr\u00e9er une nouvelle circulation partant de l&#8217;entr\u00e9e Marsan jusqu&#8217;\u00e0 nos deux entr\u00e9es actuelles.<br><br>Quand les trois entr\u00e9es se rencontrent, coupe longitudinale<\/p><\/div><\/div><\/article>\n\n\n<article class=\"img-fullscreen bloc\">\n    <div class=\"img-fullscreen__content type-image\">\n        <a href=\"https:\/\/diploma2021.ecolecamondo.fr\/content\/uploads\/2021\/07\/finalprojet-coupe-longitudinale-3500x1287.jpg\" class=\"img-fullscreen__wrapper type-block cursor-more no-cursor-simple function-lightbox\">\n            <img decoding=\"async\" src=\"https:\/\/diploma2021.ecolecamondo.fr\/content\/uploads\/2021\/07\/finalprojet-coupe-longitudinale-2880x1059.jpg\" class=\"img-fullscreen__img img-responsive\" alt=\"\">\n        <\/a>\n    <\/div>\n        <figcaption class=\"img-fullscreen__legend p-legend style-center typo-scope\">Coupe longitudinale du MAD\n<\/figcaption>\n    <\/article>\n\n\n<article class=\"img-fullscreen bloc\">\n    <div class=\"img-fullscreen__content type-image\">\n        <a href=\"https:\/\/diploma2021.ecolecamondo.fr\/content\/uploads\/2021\/07\/projet02_coupe-transversale-3153x2400.jpg\" class=\"img-fullscreen__wrapper type-block cursor-more no-cursor-simple function-lightbox\">\n            <img decoding=\"async\" src=\"https:\/\/diploma2021.ecolecamondo.fr\/content\/uploads\/2021\/07\/projet02_coupe-transversale-2523x1920.jpg\" class=\"img-fullscreen__img img-responsive\" alt=\"\">\n        <\/a>\n    <\/div>\n        <figcaption class=\"img-fullscreen__legend p-legend style-center typo-scope\">Fa\u00e7ade de la nouvelle entr\u00e9e Marsan du MAD\n<\/figcaption>\n    <\/article>\n\n\n\n<article class=\"text-title bloc\"><div class=\"text-title__content type-text\"><div class=\"text-title__wrapper wrapper typo-scope\"><p class=\"text-title__text h-paragraph style-center gut-hook-text\">TYPOLOGIES D&#8217;ESPACE<\/p><\/div><\/div><\/article>\n\n\n<article class=\"img-fullscreen bloc\">\n    <div class=\"img-fullscreen__content type-image\">\n        <a href=\"https:\/\/diploma2021.ecolecamondo.fr\/content\/uploads\/2021\/07\/sharingroom_02-2-2-1-3500x2334.jpg\" class=\"img-fullscreen__wrapper type-block cursor-more no-cursor-simple function-lightbox\">\n            <img decoding=\"async\" src=\"https:\/\/diploma2021.ecolecamondo.fr\/content\/uploads\/2021\/07\/sharingroom_02-2-2-1-2880x1920.jpg\" class=\"img-fullscreen__img img-responsive\" alt=\"\">\n        <\/a>\n    <\/div>\n        <figcaption class=\"img-fullscreen__legend p-legend style-center typo-scope\">Espace de Sharingroom\n<\/figcaption>\n    <\/article>\n\n\n<article class=\"misc-separator bloc\">\n    <hr class=\"misc-separator__hr\">\n<\/article>\n\n\n<article class=\"misc-separator bloc\">\n    <hr class=\"misc-separator__hr\">\n<\/article>\n\n\n<article class=\"img-fullscreen bloc\">\n    <div class=\"img-fullscreen__content type-image\">\n        <a href=\"https:\/\/diploma2021.ecolecamondo.fr\/content\/uploads\/2021\/07\/showroom-2-1.jpg\" class=\"img-fullscreen__wrapper type-block cursor-more no-cursor-simple function-lightbox\">\n            <img decoding=\"async\" src=\"https:\/\/diploma2021.ecolecamondo.fr\/content\/uploads\/2021\/07\/showroom-2-1-2880x1920.jpg\" class=\"img-fullscreen__img img-responsive\" alt=\"\">\n        <\/a>\n    <\/div>\n        <figcaption class=\"img-fullscreen__legend p-legend style-center typo-scope\">Espace de Showroom\n<\/figcaption>\n    <\/article>\n\n\n<article class=\"img-fullscreen bloc\">\n    <div class=\"img-fullscreen__content type-image\">\n        <a href=\"https:\/\/diploma2021.ecolecamondo.fr\/content\/uploads\/2021\/07\/ffff-3155x2400.jpg\" class=\"img-fullscreen__wrapper type-block cursor-more no-cursor-simple function-lightbox\">\n            <img decoding=\"async\" src=\"https:\/\/diploma2021.ecolecamondo.fr\/content\/uploads\/2021\/07\/ffff-2524x1920.jpg\" class=\"img-fullscreen__img img-responsive\" alt=\"\">\n        <\/a>\n    <\/div>\n        <figcaption class=\"img-fullscreen__legend p-legend style-center typo-scope\">Espace d&#8217;Experience room\n<\/figcaption>\n    <\/article>\n\n\n\n<article class=\"text-title bloc\"><div class=\"text-title__content type-text\"><div class=\"text-title__wrapper wrapper typo-scope\"><p class=\"text-title__text h-paragraph style-center gut-hook-text\">MODULE &amp; INTERFACE<\/p><\/div><\/div><\/article>\n\n\n<article class=\"img-fullscreen bloc\">\n    <div class=\"img-fullscreen__content type-image\">\n        <a href=\"https:\/\/diploma2021.ecolecamondo.fr\/content\/uploads\/2021\/07\/studio02.jpg\" class=\"img-fullscreen__wrapper type-block cursor-more no-cursor-simple function-lightbox\">\n            <img decoding=\"async\" src=\"https:\/\/diploma2021.ecolecamondo.fr\/content\/uploads\/2021\/07\/studio02.jpg\" class=\"img-fullscreen__img img-responsive\" alt=\"\">\n        <\/a>\n    <\/div>\n        <figcaption class=\"img-fullscreen__legend p-legend style-center typo-scope\">R\u00e9alisation d&#8217;une gamme de mobilier d&#8217;exposition modulaire\n<\/figcaption>\n    <\/article>\n\n\n\n<article class=\"text-paragraph bloc\"><div class=\"text-paragraph__content type-text\"><div class=\"text-paragraph__wrapper wrapper typo-scope\"><p class=\"text-paragraph__text p-paragraph style-center gut-hook-text\">Afin de coordonner notre projet, nous avons cr\u00e9\u00e9 une application pour les visiteurs &amp; exposants<\/p><\/div><\/div><\/article>\n\n\n<article class=\"img-fullscreen bloc\">\n    <div class=\"img-fullscreen__content type-image\">\n        <a href=\"https:\/\/diploma2021.ecolecamondo.fr\/content\/uploads\/2021\/07\/app.001.jpeg\" class=\"img-fullscreen__wrapper type-block cursor-more no-cursor-simple function-lightbox\">\n            <img decoding=\"async\" src=\"https:\/\/diploma2021.ecolecamondo.fr\/content\/uploads\/2021\/07\/app.001.jpeg\" class=\"img-fullscreen__img img-responsive\" alt=\"\">\n        <\/a>\n    <\/div>\n        <figcaption class=\"img-fullscreen__legend p-legend style-center typo-scope\">Interface d&#8217;accueil de notre application\n<\/figcaption>\n    <\/article>\n\n\n<article class=\"img-fullscreen bloc\">\n    <div class=\"img-fullscreen__content type-image\">\n        <a href=\"https:\/\/diploma2021.ecolecamondo.fr\/content\/uploads\/2021\/07\/app.003.jpeg\" class=\"img-fullscreen__wrapper type-block cursor-more no-cursor-simple function-lightbox\">\n            <img decoding=\"async\" src=\"https:\/\/diploma2021.ecolecamondo.fr\/content\/uploads\/2021\/07\/app.003.jpeg\" class=\"img-fullscreen__img img-responsive\" alt=\"\">\n        <\/a>\n    <\/div>\n        <figcaption class=\"img-fullscreen__legend p-legend style-center typo-scope\">Interface pour les visiteurs\n<\/figcaption>\n    <\/article>\n\n\n<article class=\"img-fullscreen bloc\">\n    <div class=\"img-fullscreen__content type-image\">\n        <a href=\"https:\/\/diploma2021.ecolecamondo.fr\/content\/uploads\/2021\/07\/app.002.jpeg\" class=\"img-fullscreen__wrapper type-block cursor-more no-cursor-simple function-lightbox\">\n            <img decoding=\"async\" src=\"https:\/\/diploma2021.ecolecamondo.fr\/content\/uploads\/2021\/07\/app.002.jpeg\" class=\"img-fullscreen__img img-responsive\" alt=\"\">\n        <\/a>\n    <\/div>\n        <figcaption class=\"img-fullscreen__legend p-legend style-center typo-scope\">Interface pour les exposants\n<\/figcaption>\n    <\/article>\n","protected":false},"author":186,"featured_media":17733,"template":"","meta":{"_acf_changed":false,"_metafield_presentation":"The Mus\u00e9e des Arts D\u00e9coratifs is one of the world\u2019s greatest collectors. Yet a large part of its works remains in the archives. We propose exploring the discourse of the MAD\u2019s works by involving external parties to bring complementary visions of the current museum. We have taken inspiration from the covered passages, nods to revery and moving around in these spaces by offering a museum open to the outside. Within the building, a pathway offers a foretaste of the exhibitions open to the public. Three types of space are proposed in the MAD to spark interaction. Through the projects devised by external stakeholders, such as talks, debates, exhibitions and retail, the MAD can be transformed into a forum for interaction.","_metafield_image_toggle":true,"_metafield_image_legend":"Au c\u0153ur du Mus\u00e9e des Arts D\u00e9coratifs"},"teachers_list_2":[153],"class_list":["post-17731","subject-imposed","type-subject-imposed","status-publish","has-post-thumbnail","hentry","teachers_list_2-audrey-tenaillon"],"acf":[],"yoast_head":"<!-- This site is optimized with the Yoast SEO plugin v27.2 - https:\/\/yoast.com\/product\/yoast-seo-wordpress\/ -->\n<title>Open Doors \u2013 When the museum opens its oeuvre - Diploma Camondo \u00e9dition 2021<\/title>\n<meta name=\"robots\" content=\"index, follow, max-snippet:-1, max-image-preview:large, max-video-preview:-1\" \/>\n<link rel=\"canonical\" href=\"https:\/\/diploma2021.ecolecamondo.fr\/en\/sujet-impose\/elisa-taieb\/portes-ouvertes-quand-le-musee-ouvre-ses-oeuvres-2\/\" \/>\n<meta property=\"og:locale\" content=\"en_US\" \/>\n<meta property=\"og:type\" content=\"article\" \/>\n<meta property=\"og:title\" content=\"Open Doors \u2013 When the museum opens its oeuvre - Diploma Camondo \u00e9dition 2021\" \/>\n<meta property=\"og:url\" content=\"https:\/\/diploma2021.ecolecamondo.fr\/en\/sujet-impose\/elisa-taieb\/portes-ouvertes-quand-le-musee-ouvre-ses-oeuvres-2\/\" \/>\n<meta property=\"og:site_name\" content=\"Diploma Camondo \u00e9dition 2021\" \/>\n<meta property=\"article:publisher\" content=\"https:\/\/fr-fr.facebook.com\/Ecole-Camondo-162722323743179\/\" \/>\n<meta property=\"article:modified_time\" content=\"2021-09-03T13:25:09+00:00\" \/>\n<meta property=\"og:image\" content=\"https:\/\/diploma2021.ecolecamondo.fr\/content\/uploads\/2021\/07\/nef-2-copie-1024x683.jpg\" \/>\n\t<meta property=\"og:image:width\" content=\"1024\" \/>\n\t<meta property=\"og:image:height\" content=\"683\" \/>\n\t<meta property=\"og:image:type\" content=\"image\/jpeg\" \/>\n<meta name=\"twitter:card\" content=\"summary_large_image\" \/>\n<script type=\"application\/ld+json\" class=\"yoast-schema-graph\">{\"@context\":\"https:\/\/schema.org\",\"@graph\":[{\"@type\":\"WebPage\",\"@id\":\"https:\/\/diploma2021.ecolecamondo.fr\/en\/sujet-impose\/elisa-taieb\/portes-ouvertes-quand-le-musee-ouvre-ses-oeuvres-2\/\",\"url\":\"https:\/\/diploma2021.ecolecamondo.fr\/en\/sujet-impose\/elisa-taieb\/portes-ouvertes-quand-le-musee-ouvre-ses-oeuvres-2\/\",\"name\":\"Open Doors \u2013 When the museum opens its oeuvre - Diploma Camondo \u00e9dition 2021\",\"isPartOf\":{\"@id\":\"https:\/\/diploma2021.ecolecamondo.fr\/en\/#website\"},\"primaryImageOfPage\":{\"@id\":\"https:\/\/diploma2021.ecolecamondo.fr\/en\/sujet-impose\/elisa-taieb\/portes-ouvertes-quand-le-musee-ouvre-ses-oeuvres-2\/#primaryimage\"},\"image\":{\"@id\":\"https:\/\/diploma2021.ecolecamondo.fr\/en\/sujet-impose\/elisa-taieb\/portes-ouvertes-quand-le-musee-ouvre-ses-oeuvres-2\/#primaryimage\"},\"thumbnailUrl\":\"https:\/\/diploma2021.ecolecamondo.fr\/content\/uploads\/2021\/07\/nef-2-copie.jpg\",\"datePublished\":\"2021-07-18T23:00:11+00:00\",\"dateModified\":\"2021-09-03T13:25:09+00:00\",\"breadcrumb\":{\"@id\":\"https:\/\/diploma2021.ecolecamondo.fr\/en\/sujet-impose\/elisa-taieb\/portes-ouvertes-quand-le-musee-ouvre-ses-oeuvres-2\/#breadcrumb\"},\"inLanguage\":\"en-US\",\"potentialAction\":[{\"@type\":\"ReadAction\",\"target\":[\"https:\/\/diploma2021.ecolecamondo.fr\/en\/sujet-impose\/elisa-taieb\/portes-ouvertes-quand-le-musee-ouvre-ses-oeuvres-2\/\"]}]},{\"@type\":\"ImageObject\",\"inLanguage\":\"en-US\",\"@id\":\"https:\/\/diploma2021.ecolecamondo.fr\/en\/sujet-impose\/elisa-taieb\/portes-ouvertes-quand-le-musee-ouvre-ses-oeuvres-2\/#primaryimage\",\"url\":\"https:\/\/diploma2021.ecolecamondo.fr\/content\/uploads\/2021\/07\/nef-2-copie.jpg\",\"contentUrl\":\"https:\/\/diploma2021.ecolecamondo.fr\/content\/uploads\/2021\/07\/nef-2-copie.jpg\",\"width\":12500,\"height\":8333},{\"@type\":\"BreadcrumbList\",\"@id\":\"https:\/\/diploma2021.ecolecamondo.fr\/en\/sujet-impose\/elisa-taieb\/portes-ouvertes-quand-le-musee-ouvre-ses-oeuvres-2\/#breadcrumb\",\"itemListElement\":[{\"@type\":\"ListItem\",\"position\":1,\"name\":\"Accueil\",\"item\":\"https:\/\/diploma2021.ecolecamondo.fr\/en\/\"},{\"@type\":\"ListItem\",\"position\":2,\"name\":\"Open Doors \u2013 When the museum opens its oeuvre\"}]},{\"@type\":\"WebSite\",\"@id\":\"https:\/\/diploma2021.ecolecamondo.fr\/en\/#website\",\"url\":\"https:\/\/diploma2021.ecolecamondo.fr\/en\/\",\"name\":\"Diploma Camondo \u00e9dition 2021\",\"description\":\"Travaux des \u00e9tudiants de 5e ann\u00e9e de l&#039;\u00c9cole Camondo\",\"potentialAction\":[{\"@type\":\"SearchAction\",\"target\":{\"@type\":\"EntryPoint\",\"urlTemplate\":\"https:\/\/diploma2021.ecolecamondo.fr\/en\/?s={search_term_string}\"},\"query-input\":{\"@type\":\"PropertyValueSpecification\",\"valueRequired\":true,\"valueName\":\"search_term_string\"}}],\"inLanguage\":\"en-US\"}]}<\/script>\n<!-- \/ Yoast SEO plugin. -->","yoast_head_json":{"title":"Open Doors \u2013 When the museum opens its oeuvre - Diploma Camondo \u00e9dition 2021","robots":{"index":"index","follow":"follow","max-snippet":"max-snippet:-1","max-image-preview":"max-image-preview:large","max-video-preview":"max-video-preview:-1"},"canonical":"https:\/\/diploma2021.ecolecamondo.fr\/en\/sujet-impose\/elisa-taieb\/portes-ouvertes-quand-le-musee-ouvre-ses-oeuvres-2\/","og_locale":"en_US","og_type":"article","og_title":"Open Doors \u2013 When the museum opens its oeuvre - Diploma Camondo \u00e9dition 2021","og_url":"https:\/\/diploma2021.ecolecamondo.fr\/en\/sujet-impose\/elisa-taieb\/portes-ouvertes-quand-le-musee-ouvre-ses-oeuvres-2\/","og_site_name":"Diploma Camondo \u00e9dition 2021","article_publisher":"https:\/\/fr-fr.facebook.com\/Ecole-Camondo-162722323743179\/","article_modified_time":"2021-09-03T13:25:09+00:00","og_image":[{"width":1024,"height":683,"url":"https:\/\/diploma2021.ecolecamondo.fr\/content\/uploads\/2021\/07\/nef-2-copie-1024x683.jpg","type":"image\/jpeg"}],"twitter_card":"summary_large_image","schema":{"@context":"https:\/\/schema.org","@graph":[{"@type":"WebPage","@id":"https:\/\/diploma2021.ecolecamondo.fr\/en\/sujet-impose\/elisa-taieb\/portes-ouvertes-quand-le-musee-ouvre-ses-oeuvres-2\/","url":"https:\/\/diploma2021.ecolecamondo.fr\/en\/sujet-impose\/elisa-taieb\/portes-ouvertes-quand-le-musee-ouvre-ses-oeuvres-2\/","name":"Open Doors \u2013 When the museum opens its oeuvre - Diploma Camondo \u00e9dition 2021","isPartOf":{"@id":"https:\/\/diploma2021.ecolecamondo.fr\/en\/#website"},"primaryImageOfPage":{"@id":"https:\/\/diploma2021.ecolecamondo.fr\/en\/sujet-impose\/elisa-taieb\/portes-ouvertes-quand-le-musee-ouvre-ses-oeuvres-2\/#primaryimage"},"image":{"@id":"https:\/\/diploma2021.ecolecamondo.fr\/en\/sujet-impose\/elisa-taieb\/portes-ouvertes-quand-le-musee-ouvre-ses-oeuvres-2\/#primaryimage"},"thumbnailUrl":"https:\/\/diploma2021.ecolecamondo.fr\/content\/uploads\/2021\/07\/nef-2-copie.jpg","datePublished":"2021-07-18T23:00:11+00:00","dateModified":"2021-09-03T13:25:09+00:00","breadcrumb":{"@id":"https:\/\/diploma2021.ecolecamondo.fr\/en\/sujet-impose\/elisa-taieb\/portes-ouvertes-quand-le-musee-ouvre-ses-oeuvres-2\/#breadcrumb"},"inLanguage":"en-US","potentialAction":[{"@type":"ReadAction","target":["https:\/\/diploma2021.ecolecamondo.fr\/en\/sujet-impose\/elisa-taieb\/portes-ouvertes-quand-le-musee-ouvre-ses-oeuvres-2\/"]}]},{"@type":"ImageObject","inLanguage":"en-US","@id":"https:\/\/diploma2021.ecolecamondo.fr\/en\/sujet-impose\/elisa-taieb\/portes-ouvertes-quand-le-musee-ouvre-ses-oeuvres-2\/#primaryimage","url":"https:\/\/diploma2021.ecolecamondo.fr\/content\/uploads\/2021\/07\/nef-2-copie.jpg","contentUrl":"https:\/\/diploma2021.ecolecamondo.fr\/content\/uploads\/2021\/07\/nef-2-copie.jpg","width":12500,"height":8333},{"@type":"BreadcrumbList","@id":"https:\/\/diploma2021.ecolecamondo.fr\/en\/sujet-impose\/elisa-taieb\/portes-ouvertes-quand-le-musee-ouvre-ses-oeuvres-2\/#breadcrumb","itemListElement":[{"@type":"ListItem","position":1,"name":"Accueil","item":"https:\/\/diploma2021.ecolecamondo.fr\/en\/"},{"@type":"ListItem","position":2,"name":"Open Doors \u2013 When the museum opens its oeuvre"}]},{"@type":"WebSite","@id":"https:\/\/diploma2021.ecolecamondo.fr\/en\/#website","url":"https:\/\/diploma2021.ecolecamondo.fr\/en\/","name":"Diploma Camondo \u00e9dition 2021","description":"Travaux des \u00e9tudiants de 5e ann\u00e9e de l&#039;\u00c9cole Camondo","potentialAction":[{"@type":"SearchAction","target":{"@type":"EntryPoint","urlTemplate":"https:\/\/diploma2021.ecolecamondo.fr\/en\/?s={search_term_string}"},"query-input":{"@type":"PropertyValueSpecification","valueRequired":true,"valueName":"search_term_string"}}],"inLanguage":"en-US"}]}},"_links":{"self":[{"href":"https:\/\/diploma2021.ecolecamondo.fr\/en\/wp-json\/wp\/v2\/subject-imposed\/17731","targetHints":{"allow":["GET"]}}],"collection":[{"href":"https:\/\/diploma2021.ecolecamondo.fr\/en\/wp-json\/wp\/v2\/subject-imposed"}],"about":[{"href":"https:\/\/diploma2021.ecolecamondo.fr\/en\/wp-json\/wp\/v2\/types\/subject-imposed"}],"author":[{"embeddable":true,"href":"https:\/\/diploma2021.ecolecamondo.fr\/en\/wp-json\/wp\/v2\/users\/186"}],"wp:featuredmedia":[{"embeddable":true,"href":"https:\/\/diploma2021.ecolecamondo.fr\/en\/wp-json\/wp\/v2\/media\/17733"}],"wp:attachment":[{"href":"https:\/\/diploma2021.ecolecamondo.fr\/en\/wp-json\/wp\/v2\/media?parent=17731"}],"wp:term":[{"taxonomy":"teachers_list_2","embeddable":true,"href":"https:\/\/diploma2021.ecolecamondo.fr\/en\/wp-json\/wp\/v2\/teachers_list_2?post=17731"}],"curies":[{"name":"wp","href":"https:\/\/api.w.org\/{rel}","templated":true}]}}