{"id":18471,"date":"2021-07-18T19:02:01","date_gmt":"2021-07-18T17:02:01","guid":{"rendered":"https:\/\/diploma2021.ecolecamondo.fr\/sujet-libre\/le-silence-comme-matiere-galerie-vivienne-paris\/"},"modified":"2021-09-07T11:34:29","modified_gmt":"2021-09-07T09:34:29","slug":"le-silence-comme-matiere-galerie-vivienne-paris","status":"publish","type":"subject-free","link":"https:\/\/diploma2021.ecolecamondo.fr\/en\/sujet-libre\/aurore-cochard\/le-silence-comme-matiere-galerie-vivienne-paris\/","title":{"rendered":"Silence as matter, Galerie Vivienne, Paris"},"content":{"rendered":"\n<article class=\"text-title bloc\"><div class=\"text-title__content type-text\"><div class=\"text-title__wrapper wrapper typo-scope\"><p class=\"text-title__text h-paragraph style-center gut-hook-text\">Le silence comme mati\u00e8re, galerie vivienne, Paris<\/p><\/div><\/div><\/article>\n\n\n<article class=\"misc-separator bloc\">\n    <hr class=\"misc-separator__hr\">\n<\/article>\n\n\n\n<article class=\"text-paragraph bloc\"><div class=\"text-paragraph__content type-text\"><div class=\"text-paragraph__wrapper wrapper typo-scope\"><p class=\"text-paragraph__text p-paragraph style-center gut-hook-text\">Dans la continuit\u00e9 des recherches et des r\u00e9flexions abord\u00e9es dans mon m\u00e9moire, j&#8217;ai souhait\u00e9 explorer les sonorit\u00e9s et les silences d&#8217;un espace, et travailler ce dernier par son paysage sonore.<\/p><\/div><\/div><\/article>\n\n\n<article class=\"misc-separator bloc\">\n    <hr class=\"misc-separator__hr\">\n<\/article>\n\n\n\n<article class=\"text-paragraph bloc\"><div class=\"text-paragraph__content type-text\"><div class=\"text-paragraph__wrapper wrapper typo-scope\"><p class=\"text-paragraph__text p-paragraph style-center gut-hook-text\">Nous vivons aujourd&#8217;hui dans une \u00e8re o\u00f9 notre oreille est sollicit\u00e9e en permanence. Klaxons, slogans publicitaires, bip du micro-onde&#8230; Ces bruits combin\u00e9s influencent notre relation \u00e0 l&#8217;espace et notre sant\u00e9, physique et psychologique. Et si nous nous accordions une &#8220;pause&#8221; ? <\/p><\/div><\/div><\/article>\n\n\n<article class=\"misc-separator bloc\">\n    <hr class=\"misc-separator__hr\">\n<\/article>\n\n\n\n<article class=\"text-title bloc\"><div class=\"text-title__content type-text\"><div class=\"text-title__wrapper wrapper typo-scope\"><p class=\"text-title__text h-paragraph style-center gut-hook-text\">Une exp\u00e9rience<\/p><\/div><\/div><\/article>\n\n\n<article class=\"misc-separator bloc\">\n    <hr class=\"misc-separator__hr\">\n<\/article>\n\n\n\n<article class=\"text-paragraph bloc\"><div class=\"text-paragraph__content type-text\"><div class=\"text-paragraph__wrapper wrapper typo-scope\"><p class=\"text-paragraph__text p-paragraph style-center gut-hook-text\">Cr\u00e9er un silence au milieu d&#8217;un espace public. Mais o\u00f9 ?<\/p><\/div><\/div><\/article>\n\n\n<article class=\"media-pdf bloc\">\n    <div class=\"media-pdf__content type-pdf\">\n        <div class=\"media-pdf__container\">\n            <div class=\"_df_book\" height=\"500\" source=\"https:\/\/diploma2021.ecolecamondo.fr\/content\/uploads\/2021\/07\/pdf-recherches-debut.pdf\">\n                <div class=\"cursor\">\n    <div class=\"cursor__more\"><\/div>\n    <div class=\"cursor__zoom\"><\/div>\n    <div class=\"cursor__hexagon\">\n        <svg width=\"22\" height=\"22\" viewBox=\"0 0 22 22\" fill=\"none\" xmlns=\"http:\/\/www.w3.org\/2000\/svg\">\n        <path class=\"path-main\" d=\"M2.83975 6.28867L11 1.57735L19.1603 6.28867V15.7113L11 20.4227L2.83975 15.7113V6.28867Z\" fill=\"black\" stroke=\"black\"\/>\n        <path class=\"path-second\" d=\"M1.97372 5.78867L11 0.57735L20.0263 5.78867V16.2113L11 21.4227L1.97372 16.2113V5.78867Z\" stroke=\"white\"\/>\n        <\/svg>\n    <\/div>\n<\/div>\n            <\/div>\n        <\/div>\n    <\/div>\n<\/article>\n\n\n<article class=\"img-fullscreen bloc\">\n    <div class=\"img-fullscreen__content type-image\">\n        <a href=\"https:\/\/diploma2021.ecolecamondo.fr\/content\/uploads\/2021\/07\/89579_1305723710_89577-1305723342-galerie-vivienne-vers1900-tt-width-970-height-893-fill-1-crop-0-bgcolor-ffffff.jpg\" class=\"img-fullscreen__wrapper type-block cursor-more no-cursor-simple function-lightbox\">\n            <img decoding=\"async\" src=\"https:\/\/diploma2021.ecolecamondo.fr\/content\/uploads\/2021\/07\/89579_1305723710_89577-1305723342-galerie-vivienne-vers1900-tt-width-970-height-893-fill-1-crop-0-bgcolor-ffffff.jpg\" class=\"img-fullscreen__img img-responsive\" alt=\"\">\n        <\/a>\n    <\/div>\n    <\/article>\n\n\n\n<article class=\"text-paragraph bloc\"><div class=\"text-paragraph__content type-text\"><div class=\"text-paragraph__wrapper wrapper typo-scope\"><p class=\"text-paragraph__text p-paragraph style-center gut-hook-text\">A la galerie Vivienne, passage couvert de Paris, r\u00e8gne une atmosph\u00e8re calme, paisible et insolite. Bien que des traces de son histoire pass\u00e9e subsistent, c\u2019est aujourd\u2019hui un lieu hors du temps, que l\u2019on traverse, retraverse, et red\u00e9couvre \u00e0 chaque fois. <br><br>Et si le silence pouvait mat\u00e9rialiser une vie nouvelle pour cette galerie ?<\/p><\/div><\/div><\/article>\n\n\n<article class=\"misc-separator bloc\">\n    <hr class=\"misc-separator__hr\">\n<\/article>\n\n\n\n<article class=\"text-title bloc\"><div class=\"text-title__content type-text\"><div class=\"text-title__wrapper wrapper typo-scope\"><p class=\"text-title__text h-paragraph style-center gut-hook-text\">Visualiser l&#8217;impalpable<\/p><\/div><\/div><\/article>\n\n\n<article class=\"misc-separator bloc\">\n    <hr class=\"misc-separator__hr\">\n<\/article>\n\n\n\n<article class=\"text-paragraph bloc\"><div class=\"text-paragraph__content type-text\"><div class=\"text-paragraph__wrapper wrapper typo-scope\"><p class=\"text-paragraph__text p-paragraph style-center gut-hook-text\">Comment travailler ce qu&#8217;on ne peut percevoir visuellement ? Puisque l&#8217;on ne peut voir les sons et les silences, pourquoi ne pas rechercher des fa\u00e7ons de les repr\u00e9senter ?<\/p><\/div><\/div><\/article>\n\n\n<article class=\"img-double-landscape bloc\">\n    <div class=\"img-double-landscape__content type-image\">\n        <div class=\"img-double-landscape__grid\">\n            <div class=\"row\">\n                <div class=\"col-xs-12 col-sp\">\n                    <a href=\"https:\/\/diploma2021.ecolecamondo.fr\/content\/uploads\/2021\/07\/interpretation-graphique_page-0002-3500x1400.jpg\" class=\"img-double-landscape__wrapper type-block cursor-more no-cursor-simple function-lightbox\">\n                        <div class=\"img-double-landscape__placeholder style-background ar ar-custom-2 lazy\" data-src=\"https:\/\/diploma2021.ecolecamondo.fr\/content\/uploads\/2021\/07\/interpretation-graphique_page-0002-2880x1152.jpg\" data-height=\"4725\" data-width=\"11812\" alt=\"\"><\/div>\n                    <\/a>\n                <\/div>\n                <div class=\"col-xs-12 col-sp\">\n                    <a href=\"https:\/\/diploma2021.ecolecamondo.fr\/content\/uploads\/2021\/07\/interpretation-graphique_page-0001-3500x1400.jpg\" class=\"img-double-landscape__wrapper type-block cursor-more no-cursor-simple function-lightbox\">\n                        <div class=\"img-double-landscape__placeholder style-background ar ar-custom-2 lazy\" data-src=\"https:\/\/diploma2021.ecolecamondo.fr\/content\/uploads\/2021\/07\/interpretation-graphique_page-0001-2880x1152.jpg\" data-height=\"4725\" data-width=\"11812\" alt=\"\"><\/div>\n                    <\/a>\n                <\/div>\n            <\/div>\n        <\/div>\n    <\/div>\n    <\/article>\n\n\n\n<article class=\"text-paragraph bloc\"><div class=\"text-paragraph__content type-text\"><div class=\"text-paragraph__wrapper wrapper typo-scope\"><p class=\"text-paragraph__text p-paragraph style-center gut-hook-text\">Ambiance sonore de la galerie Vivienne<\/p><\/div><\/div><\/article>\n\n\n<article class=\"media-audio bloc\">\n    <div class=\"media-audio__content type-audio style-border-top-bottom\">\n        <div class=\"media-audio__player\">\n            <audio>\n                <source src=\"https:\/\/diploma2021.ecolecamondo.fr\/content\/uploads\/2021\/07\/les-bruits-de-la-galerie.mp3\" type=\"audio\/mp3\">\n            <\/audio>\n        <\/div>\n    <\/div>\n    <\/article>\n\n\n\n<article class=\"text-paragraph bloc\"><div class=\"text-paragraph__content type-text\"><div class=\"text-paragraph__wrapper wrapper typo-scope\"><p class=\"text-paragraph__text p-paragraph style-center gut-hook-text\">Ambiance sonore que je souhaite y instaurer<\/p><\/div><\/div><\/article>\n\n\n<article class=\"media-audio bloc\">\n    <div class=\"media-audio__content type-audio style-border-top-bottom\">\n        <div class=\"media-audio__player\">\n            <audio>\n                <source src=\"https:\/\/diploma2021.ecolecamondo.fr\/content\/uploads\/2021\/07\/le-silence-de-la-galerie.mp3\" type=\"audio\/mp3\">\n            <\/audio>\n        <\/div>\n    <\/div>\n    <\/article>\n\n\n<article class=\"media-pdf bloc\">\n    <div class=\"media-pdf__content type-pdf\">\n        <div class=\"media-pdf__container\">\n            <div class=\"_df_book\" height=\"500\" source=\"https:\/\/diploma2021.ecolecamondo.fr\/content\/uploads\/2021\/07\/pdf-recherches-carnets.pdf\">\n                <div class=\"cursor\">\n    <div class=\"cursor__more\"><\/div>\n    <div class=\"cursor__zoom\"><\/div>\n    <div class=\"cursor__hexagon\">\n        <svg width=\"22\" height=\"22\" viewBox=\"0 0 22 22\" fill=\"none\" xmlns=\"http:\/\/www.w3.org\/2000\/svg\">\n        <path class=\"path-main\" d=\"M2.83975 6.28867L11 1.57735L19.1603 6.28867V15.7113L11 20.4227L2.83975 15.7113V6.28867Z\" fill=\"black\" stroke=\"black\"\/>\n        <path class=\"path-second\" d=\"M1.97372 5.78867L11 0.57735L20.0263 5.78867V16.2113L11 21.4227L1.97372 16.2113V5.78867Z\" stroke=\"white\"\/>\n        <\/svg>\n    <\/div>\n<\/div>\n            <\/div>\n        <\/div>\n    <\/div>\n<\/article>\n\n\n<article class=\"misc-separator bloc\">\n    <hr class=\"misc-separator__hr\">\n<\/article>\n\n\n\n<article class=\"text-title bloc\"><div class=\"text-title__content type-text\"><div class=\"text-title__wrapper wrapper typo-scope\"><p class=\"text-title__text h-paragraph style-center gut-hook-text\">Etude des mat\u00e9riaux<\/p><\/div><\/div><\/article>\n\n\n<article class=\"misc-separator bloc\">\n    <hr class=\"misc-separator__hr\">\n<\/article>\n\n\n\n<article class=\"text-paragraph bloc\"><div class=\"text-paragraph__content type-text\"><div class=\"text-paragraph__wrapper wrapper typo-scope\"><p class=\"text-paragraph__text p-paragraph style-center gut-hook-text\">Les formes et les mat\u00e9riaux de ces diff\u00e9rentes installations sont r\u00e9fl\u00e9chies \u00e0 partir de l&#8217;analyses des caract\u00e9ristiques des ondes sonores dans l&#8217;espace, ainsi que des propri\u00e9t\u00e9s acoustiques des mat\u00e9riaux.<\/p><\/div><\/div><\/article>\n\n\n<article class=\"media-pdf bloc\">\n    <div class=\"media-pdf__content type-pdf\">\n        <div class=\"media-pdf__container\">\n            <div class=\"_df_book\" height=\"500\" source=\"https:\/\/diploma2021.ecolecamondo.fr\/content\/uploads\/2021\/07\/sons_espace_aurore_cochard.pdf\">\n                <div class=\"cursor\">\n    <div class=\"cursor__more\"><\/div>\n    <div class=\"cursor__zoom\"><\/div>\n    <div class=\"cursor__hexagon\">\n        <svg width=\"22\" height=\"22\" viewBox=\"0 0 22 22\" fill=\"none\" xmlns=\"http:\/\/www.w3.org\/2000\/svg\">\n        <path class=\"path-main\" d=\"M2.83975 6.28867L11 1.57735L19.1603 6.28867V15.7113L11 20.4227L2.83975 15.7113V6.28867Z\" fill=\"black\" stroke=\"black\"\/>\n        <path class=\"path-second\" d=\"M1.97372 5.78867L11 0.57735L20.0263 5.78867V16.2113L11 21.4227L1.97372 16.2113V5.78867Z\" stroke=\"white\"\/>\n        <\/svg>\n    <\/div>\n<\/div>\n            <\/div>\n        <\/div>\n    <\/div>\n<\/article>\n\n\n<article class=\"misc-separator bloc\">\n    <hr class=\"misc-separator__hr\">\n<\/article>\n\n\n\n<article class=\"text-title bloc\"><div class=\"text-title__content type-text\"><div class=\"text-title__wrapper wrapper typo-scope\"><p class=\"text-title__text h-paragraph style-center gut-hook-text\">Installations<\/p><\/div><\/div><\/article>\n\n\n<article class=\"misc-separator bloc\">\n    <hr class=\"misc-separator__hr\">\n<\/article>\n\n\n\n<article class=\"text-paragraph bloc\"><div class=\"text-paragraph__content type-text\"><div class=\"text-paragraph__wrapper wrapper typo-scope\"><p class=\"text-paragraph__text p-paragraph style-center gut-hook-text\">Une estrade avec un rev\u00eatement en moquette est install\u00e9e sur l&#8217;ensemble des sols de la galerie.<\/p><\/div><\/div><\/article>\n\n\n<article class=\"img-fullscreen bloc\">\n    <div class=\"img-fullscreen__content type-image\">\n        <a href=\"https:\/\/diploma2021.ecolecamondo.fr\/content\/uploads\/2021\/07\/0001-3393x2400.jpg\" class=\"img-fullscreen__wrapper type-block cursor-more no-cursor-simple function-lightbox\">\n            <img decoding=\"async\" src=\"https:\/\/diploma2021.ecolecamondo.fr\/content\/uploads\/2021\/07\/0001-2714x1920.jpg\" class=\"img-fullscreen__img img-responsive\" alt=\"\">\n        <\/a>\n    <\/div>\n    <\/article>\n\n\n\n<article class=\"text-paragraph bloc\"><div class=\"text-paragraph__content type-text\"><div class=\"text-paragraph__wrapper wrapper typo-scope\"><p class=\"text-paragraph__text p-paragraph style-center gut-hook-text\">Du mobilier, des garde-corps et des lustres pars\u00e8ment l&#8217;espace et cr\u00e9ent des pauses dans le parcours du passant. <\/p><\/div><\/div><\/article>\n\n\n<article class=\"img-double-landscape bloc\">\n    <div class=\"img-double-landscape__content type-image\">\n        <div class=\"img-double-landscape__grid\">\n            <div class=\"row\">\n                <div class=\"col-xs-12 col-sp\">\n                    <a href=\"https:\/\/diploma2021.ecolecamondo.fr\/content\/uploads\/2021\/07\/coupe-aa1024_1.jpg\" class=\"img-double-landscape__wrapper type-block cursor-more no-cursor-simple function-lightbox\">\n                        <div class=\"img-double-landscape__placeholder style-background ar ar-custom-2 lazy\" data-src=\"https:\/\/diploma2021.ecolecamondo.fr\/content\/uploads\/2021\/07\/coupe-aa1024_1.jpg\" data-height=\"725\" data-width=\"1024\" alt=\"\"><\/div>\n                    <\/a>\n                <\/div>\n                <div class=\"col-xs-12 col-sp\">\n                    <a href=\"https:\/\/diploma2021.ecolecamondo.fr\/content\/uploads\/2021\/07\/coupe-bb1024_1.jpg\" class=\"img-double-landscape__wrapper type-block cursor-more no-cursor-simple function-lightbox\">\n                        <div class=\"img-double-landscape__placeholder style-background ar ar-custom-2 lazy\" data-src=\"https:\/\/diploma2021.ecolecamondo.fr\/content\/uploads\/2021\/07\/coupe-bb1024_1.jpg\" data-height=\"725\" data-width=\"1024\" alt=\"\"><\/div>\n                    <\/a>\n                <\/div>\n            <\/div>\n        <\/div>\n    <\/div>\n    <\/article>\n\n\n\n<article class=\"text-paragraph bloc\"><div class=\"text-paragraph__content type-text\"><div class=\"text-paragraph__wrapper wrapper typo-scope\"><p class=\"text-paragraph__text p-paragraph style-center gut-hook-text\">Un passant traversant la rue des Petit Champs entre dans la galerie. Il emprunte l&#8217;estrade. Tout de suite, son rapport \u00e0 l\u2019espace change. Alors qu\u2019il effleurait un sol en mosa\u00efque, sur lequel ses talons claquaient et r\u00e9sonnaient, il effleure maintenant un sol feutr\u00e9, ses pas sont silencieux et \u00e9touff\u00e9s.<\/p><\/div><\/div><\/article>\n\n\n<article class=\"img-fullscreen bloc\">\n    <div class=\"img-fullscreen__content type-image\">\n        <a href=\"https:\/\/diploma2021.ecolecamondo.fr\/content\/uploads\/2021\/07\/vue-11-lum.jpg\" class=\"img-fullscreen__wrapper type-block cursor-more no-cursor-simple function-lightbox\">\n            <img decoding=\"async\" src=\"https:\/\/diploma2021.ecolecamondo.fr\/content\/uploads\/2021\/07\/vue-11-lum.jpg\" class=\"img-fullscreen__img img-responsive\" alt=\"\">\n        <\/a>\n    <\/div>\n    <\/article>\n\n\n\n<article class=\"text-paragraph bloc\"><div class=\"text-paragraph__content type-text\"><div class=\"text-paragraph__wrapper wrapper typo-scope\"><p class=\"text-paragraph__text p-paragraph style-center gut-hook-text\">Il s\u2019avance, aper\u00e7oit des formes, des volumes, qui ressemblent \u00e0 des assises. Il peut s\u2019arr\u00eater, ou continuer. La lumi\u00e8re s\u2019att\u00e9nue pr\u00e8s des murs de la galerie. Il entre dans la rotonde, cette fois il s\u2019assoit, s\u2019arr\u00eate, et prend le temps. <\/p><\/div><\/div><\/article>\n\n\n<article class=\"img-fullscreen bloc\">\n    <div class=\"img-fullscreen__content type-image\">\n        <a href=\"https:\/\/diploma2021.ecolecamondo.fr\/content\/uploads\/2021\/07\/vue-2-lum.jpg\" class=\"img-fullscreen__wrapper type-block cursor-more no-cursor-simple function-lightbox\">\n            <img decoding=\"async\" src=\"https:\/\/diploma2021.ecolecamondo.fr\/content\/uploads\/2021\/07\/vue-2-lum-1920x1920.jpg\" class=\"img-fullscreen__img img-responsive\" alt=\"\">\n        <\/a>\n    <\/div>\n    <\/article>\n\n\n\n<article class=\"text-paragraph bloc\"><div class=\"text-paragraph__content type-text\"><div class=\"text-paragraph__wrapper wrapper typo-scope\"><p class=\"text-paragraph__text p-paragraph style-center gut-hook-text\">Apr\u00e8s quelques instants, il se l\u00e8ve, et entre dans la grande nef centrale. Il avance, et serpente sur le motif, rencontrant de temps \u00e0 autre d\u2019autres assises.<\/p><\/div><\/div><\/article>\n\n\n<article class=\"img-fullscreen bloc\">\n    <div class=\"img-fullscreen__content type-image\">\n        <a href=\"https:\/\/diploma2021.ecolecamondo.fr\/content\/uploads\/2021\/07\/vue-4-lum.jpg\" class=\"img-fullscreen__wrapper type-block cursor-more no-cursor-simple function-lightbox\">\n            <img decoding=\"async\" src=\"https:\/\/diploma2021.ecolecamondo.fr\/content\/uploads\/2021\/07\/vue-4-lum-2130x1920.jpg\" class=\"img-fullscreen__img img-responsive\" alt=\"\">\n        <\/a>\n    <\/div>\n    <\/article>\n\n\n\n<article class=\"text-paragraph bloc\"><div class=\"text-paragraph__content type-text\"><div class=\"text-paragraph__wrapper wrapper typo-scope\"><p class=\"text-paragraph__text p-paragraph style-center gut-hook-text\">De grands lustres transforment l&#8217;espace et absorbent les sons.<\/p><\/div><\/div><\/article>\n\n\n<article class=\"img-fullscreen bloc\">\n    <div class=\"img-fullscreen__content type-image\">\n        <a href=\"https:\/\/diploma2021.ecolecamondo.fr\/content\/uploads\/2021\/07\/vue-5-lum.jpg\" class=\"img-fullscreen__wrapper type-block cursor-more no-cursor-simple function-lightbox\">\n            <img decoding=\"async\" src=\"https:\/\/diploma2021.ecolecamondo.fr\/content\/uploads\/2021\/07\/vue-5-lum-1920x1920.jpg\" class=\"img-fullscreen__img img-responsive\" alt=\"\">\n        <\/a>\n    <\/div>\n    <\/article>\n\n\n\n<article class=\"text-paragraph bloc\"><div class=\"text-paragraph__content type-text\"><div class=\"text-paragraph__wrapper wrapper typo-scope\"><p class=\"text-paragraph__text p-paragraph style-center gut-hook-text\">Au centre de la nef, il aper\u00e7oit un espace circulaire, comme un point de rendez-vous. Quelqu\u2019un est assis et attends. L\u2019atmosph\u00e8re est calme et paisible, il se dit qu\u2019il pourrait attendre un petit peu lui aussi. Une fresque murale clarifie l\u2019espace, sans d\u00e9grader les zones d\u2019ombres cr\u00e9\u00e9es par l\u2019architecture du lieu.<\/p><\/div><\/div><\/article>\n\n\n<article class=\"img-fullscreen bloc\">\n    <div class=\"img-fullscreen__content type-image\">\n        <a href=\"https:\/\/diploma2021.ecolecamondo.fr\/content\/uploads\/2021\/07\/vue-1-lum-2400x2400.jpg\" class=\"img-fullscreen__wrapper type-block cursor-more no-cursor-simple function-lightbox\">\n            <img decoding=\"async\" src=\"https:\/\/diploma2021.ecolecamondo.fr\/content\/uploads\/2021\/07\/vue-1-lum-1920x1920.jpg\" class=\"img-fullscreen__img img-responsive\" alt=\"\">\n        <\/a>\n    <\/div>\n    <\/article>\n\n\n\n<article class=\"text-paragraph bloc\"><div class=\"text-paragraph__content type-text\"><div class=\"text-paragraph__wrapper wrapper typo-scope\"><p class=\"text-paragraph__text p-paragraph style-center gut-hook-text\">Il continue, traverse l\u2019espace, et emprunte une l\u00e9g\u00e8re pente qui le m\u00e8ne \u00e0 l\u2019angle de la galerie.<\/p><\/div><\/div><\/article>\n\n\n<article class=\"img-fullscreen bloc\">\n    <div class=\"img-fullscreen__content type-image\">\n        <a href=\"https:\/\/diploma2021.ecolecamondo.fr\/content\/uploads\/2021\/07\/vue-6-lum.jpg\" class=\"img-fullscreen__wrapper type-block cursor-more no-cursor-simple function-lightbox\">\n            <img decoding=\"async\" src=\"https:\/\/diploma2021.ecolecamondo.fr\/content\/uploads\/2021\/07\/vue-6-lum-1920x1920.jpg\" class=\"img-fullscreen__img img-responsive\" alt=\"\">\n        <\/a>\n    <\/div>\n    <\/article>\n\n\n\n<article class=\"text-paragraph bloc\"><div class=\"text-paragraph__content type-text\"><div class=\"text-paragraph__wrapper wrapper typo-scope\"><p class=\"text-paragraph__text p-paragraph style-center gut-hook-text\"> Les lumi\u00e8res sont plus sombres, l\u2019espace semble plus silencieux. A la fin de son parcours, lorsqu\u2019il descend de cette passerelle, et r\u00e9entend ses pas clinquants, et entend alors le silence qu\u2019il vient de traverser.  <\/p><\/div><\/div><\/article>\n\n\n<article class=\"img-fullscreen bloc\">\n    <div class=\"img-fullscreen__content type-image\">\n        <a href=\"https:\/\/diploma2021.ecolecamondo.fr\/content\/uploads\/2021\/07\/vue-7-lum.jpg\" class=\"img-fullscreen__wrapper type-block cursor-more no-cursor-simple function-lightbox\">\n            <img decoding=\"async\" src=\"https:\/\/diploma2021.ecolecamondo.fr\/content\/uploads\/2021\/07\/vue-7-lum-1920x1920.jpg\" class=\"img-fullscreen__img img-responsive\" alt=\"\">\n        <\/a>\n    <\/div>\n    <\/article>\n\n\n<article class=\"misc-separator bloc\">\n    <hr class=\"misc-separator__hr\">\n<\/article>\n\n\n\n<article class=\"text-paragraph bloc\"><div class=\"text-paragraph__content type-text\"><div class=\"text-paragraph__wrapper wrapper typo-scope\"><p class=\"text-paragraph__text p-paragraph style-center gut-hook-text\">Ainsi, par ce ralentissement de la marche et du parcours, le silence mat\u00e9rialise une nouvelle vie pour la galerie Vivienne, qui elle-m\u00eame r\u00e9v\u00e8le ce silence.  <\/p><\/div><\/div><\/article>\n\n\n<article class=\"misc-separator bloc\">\n    <hr class=\"misc-separator__hr\">\n<\/article>\n","protected":false},"author":175,"featured_media":18472,"template":"","meta":{"_acf_changed":false,"_metafield_presentation":"Sound, noise and silence punctuate our sound landscape, a genuine raw material. The sounds complement each other and intensify, disappearing and then revealing themselves later. These parameters are an integral part of the space, influencing our perception of it. However, at a time when our ears are constantly assaulted, we forget the effects that these noises and silence have on us. What would happen if, just for a moment, we stopped to listen to them more closely? Listen to the silences and guess the noises in our sound landscape? Even better, what if this sound matter could help us rediscover the space around us?","_metafield_image_toggle":false,"_metafield_image_legend":""},"keywords":[172,166,175],"teachers_list_2":[21],"class_list":["post-18471","subject-free","type-subject-free","status-publish","has-post-thumbnail","hentry","keywords-heritage","keywords-public-spaces","keywords-scenography","teachers_list_2-martine-bedin"],"acf":[],"yoast_head":"<!-- This site is optimized with the Yoast SEO plugin v27.2 - https:\/\/yoast.com\/product\/yoast-seo-wordpress\/ -->\n<title>Silence as matter, Galerie Vivienne, Paris - Diploma Camondo \u00e9dition 2021<\/title>\n<meta name=\"robots\" content=\"index, follow, max-snippet:-1, max-image-preview:large, max-video-preview:-1\" \/>\n<link rel=\"canonical\" href=\"https:\/\/diploma2021.ecolecamondo.fr\/en\/sujet-libre\/aurore-cochard\/le-silence-comme-matiere-galerie-vivienne-paris\/\" \/>\n<meta property=\"og:locale\" content=\"en_US\" \/>\n<meta property=\"og:type\" content=\"article\" \/>\n<meta property=\"og:title\" content=\"Silence as matter, Galerie Vivienne, Paris - Diploma Camondo \u00e9dition 2021\" \/>\n<meta property=\"og:url\" content=\"https:\/\/diploma2021.ecolecamondo.fr\/en\/sujet-libre\/aurore-cochard\/le-silence-comme-matiere-galerie-vivienne-paris\/\" \/>\n<meta property=\"og:site_name\" content=\"Diploma Camondo \u00e9dition 2021\" \/>\n<meta property=\"article:publisher\" content=\"https:\/\/fr-fr.facebook.com\/Ecole-Camondo-162722323743179\/\" \/>\n<meta property=\"article:modified_time\" content=\"2021-09-07T09:34:29+00:00\" \/>\n<meta property=\"og:image\" content=\"https:\/\/diploma2021.ecolecamondo.fr\/content\/uploads\/2021\/07\/vue-1-lum-1024x1024.jpg\" \/>\n\t<meta property=\"og:image:width\" content=\"1024\" \/>\n\t<meta property=\"og:image:height\" content=\"1024\" \/>\n\t<meta property=\"og:image:type\" content=\"image\/jpeg\" \/>\n<meta name=\"twitter:card\" content=\"summary_large_image\" \/>\n<meta name=\"twitter:label1\" content=\"Est. reading time\" \/>\n\t<meta name=\"twitter:data1\" content=\"3 minutes\" \/>\n<script type=\"application\/ld+json\" class=\"yoast-schema-graph\">{\"@context\":\"https:\/\/schema.org\",\"@graph\":[{\"@type\":\"WebPage\",\"@id\":\"https:\/\/diploma2021.ecolecamondo.fr\/en\/sujet-libre\/aurore-cochard\/le-silence-comme-matiere-galerie-vivienne-paris\/\",\"url\":\"https:\/\/diploma2021.ecolecamondo.fr\/en\/sujet-libre\/aurore-cochard\/le-silence-comme-matiere-galerie-vivienne-paris\/\",\"name\":\"Silence as matter, Galerie Vivienne, Paris - Diploma Camondo \u00e9dition 2021\",\"isPartOf\":{\"@id\":\"https:\/\/diploma2021.ecolecamondo.fr\/en\/#website\"},\"primaryImageOfPage\":{\"@id\":\"https:\/\/diploma2021.ecolecamondo.fr\/en\/sujet-libre\/aurore-cochard\/le-silence-comme-matiere-galerie-vivienne-paris\/#primaryimage\"},\"image\":{\"@id\":\"https:\/\/diploma2021.ecolecamondo.fr\/en\/sujet-libre\/aurore-cochard\/le-silence-comme-matiere-galerie-vivienne-paris\/#primaryimage\"},\"thumbnailUrl\":\"https:\/\/diploma2021.ecolecamondo.fr\/content\/uploads\/2021\/07\/vue-1-lum.jpg\",\"datePublished\":\"2021-07-18T17:02:01+00:00\",\"dateModified\":\"2021-09-07T09:34:29+00:00\",\"breadcrumb\":{\"@id\":\"https:\/\/diploma2021.ecolecamondo.fr\/en\/sujet-libre\/aurore-cochard\/le-silence-comme-matiere-galerie-vivienne-paris\/#breadcrumb\"},\"inLanguage\":\"en-US\",\"potentialAction\":[{\"@type\":\"ReadAction\",\"target\":[\"https:\/\/diploma2021.ecolecamondo.fr\/en\/sujet-libre\/aurore-cochard\/le-silence-comme-matiere-galerie-vivienne-paris\/\"]}]},{\"@type\":\"ImageObject\",\"inLanguage\":\"en-US\",\"@id\":\"https:\/\/diploma2021.ecolecamondo.fr\/en\/sujet-libre\/aurore-cochard\/le-silence-comme-matiere-galerie-vivienne-paris\/#primaryimage\",\"url\":\"https:\/\/diploma2021.ecolecamondo.fr\/content\/uploads\/2021\/07\/vue-1-lum.jpg\",\"contentUrl\":\"https:\/\/diploma2021.ecolecamondo.fr\/content\/uploads\/2021\/07\/vue-1-lum.jpg\",\"width\":3543,\"height\":3543},{\"@type\":\"BreadcrumbList\",\"@id\":\"https:\/\/diploma2021.ecolecamondo.fr\/en\/sujet-libre\/aurore-cochard\/le-silence-comme-matiere-galerie-vivienne-paris\/#breadcrumb\",\"itemListElement\":[{\"@type\":\"ListItem\",\"position\":1,\"name\":\"Accueil\",\"item\":\"https:\/\/diploma2021.ecolecamondo.fr\/en\/\"},{\"@type\":\"ListItem\",\"position\":2,\"name\":\"Silence as matter, Galerie Vivienne, Paris\"}]},{\"@type\":\"WebSite\",\"@id\":\"https:\/\/diploma2021.ecolecamondo.fr\/en\/#website\",\"url\":\"https:\/\/diploma2021.ecolecamondo.fr\/en\/\",\"name\":\"Diploma Camondo \u00e9dition 2021\",\"description\":\"Travaux des \u00e9tudiants de 5e ann\u00e9e de l&#039;\u00c9cole Camondo\",\"potentialAction\":[{\"@type\":\"SearchAction\",\"target\":{\"@type\":\"EntryPoint\",\"urlTemplate\":\"https:\/\/diploma2021.ecolecamondo.fr\/en\/?s={search_term_string}\"},\"query-input\":{\"@type\":\"PropertyValueSpecification\",\"valueRequired\":true,\"valueName\":\"search_term_string\"}}],\"inLanguage\":\"en-US\"}]}<\/script>\n<!-- \/ Yoast SEO plugin. -->","yoast_head_json":{"title":"Silence as matter, Galerie Vivienne, Paris - Diploma Camondo \u00e9dition 2021","robots":{"index":"index","follow":"follow","max-snippet":"max-snippet:-1","max-image-preview":"max-image-preview:large","max-video-preview":"max-video-preview:-1"},"canonical":"https:\/\/diploma2021.ecolecamondo.fr\/en\/sujet-libre\/aurore-cochard\/le-silence-comme-matiere-galerie-vivienne-paris\/","og_locale":"en_US","og_type":"article","og_title":"Silence as matter, Galerie Vivienne, Paris - Diploma Camondo \u00e9dition 2021","og_url":"https:\/\/diploma2021.ecolecamondo.fr\/en\/sujet-libre\/aurore-cochard\/le-silence-comme-matiere-galerie-vivienne-paris\/","og_site_name":"Diploma Camondo \u00e9dition 2021","article_publisher":"https:\/\/fr-fr.facebook.com\/Ecole-Camondo-162722323743179\/","article_modified_time":"2021-09-07T09:34:29+00:00","og_image":[{"width":1024,"height":1024,"url":"https:\/\/diploma2021.ecolecamondo.fr\/content\/uploads\/2021\/07\/vue-1-lum-1024x1024.jpg","type":"image\/jpeg"}],"twitter_card":"summary_large_image","twitter_misc":{"Est. reading time":"3 minutes"},"schema":{"@context":"https:\/\/schema.org","@graph":[{"@type":"WebPage","@id":"https:\/\/diploma2021.ecolecamondo.fr\/en\/sujet-libre\/aurore-cochard\/le-silence-comme-matiere-galerie-vivienne-paris\/","url":"https:\/\/diploma2021.ecolecamondo.fr\/en\/sujet-libre\/aurore-cochard\/le-silence-comme-matiere-galerie-vivienne-paris\/","name":"Silence as matter, Galerie Vivienne, Paris - Diploma Camondo \u00e9dition 2021","isPartOf":{"@id":"https:\/\/diploma2021.ecolecamondo.fr\/en\/#website"},"primaryImageOfPage":{"@id":"https:\/\/diploma2021.ecolecamondo.fr\/en\/sujet-libre\/aurore-cochard\/le-silence-comme-matiere-galerie-vivienne-paris\/#primaryimage"},"image":{"@id":"https:\/\/diploma2021.ecolecamondo.fr\/en\/sujet-libre\/aurore-cochard\/le-silence-comme-matiere-galerie-vivienne-paris\/#primaryimage"},"thumbnailUrl":"https:\/\/diploma2021.ecolecamondo.fr\/content\/uploads\/2021\/07\/vue-1-lum.jpg","datePublished":"2021-07-18T17:02:01+00:00","dateModified":"2021-09-07T09:34:29+00:00","breadcrumb":{"@id":"https:\/\/diploma2021.ecolecamondo.fr\/en\/sujet-libre\/aurore-cochard\/le-silence-comme-matiere-galerie-vivienne-paris\/#breadcrumb"},"inLanguage":"en-US","potentialAction":[{"@type":"ReadAction","target":["https:\/\/diploma2021.ecolecamondo.fr\/en\/sujet-libre\/aurore-cochard\/le-silence-comme-matiere-galerie-vivienne-paris\/"]}]},{"@type":"ImageObject","inLanguage":"en-US","@id":"https:\/\/diploma2021.ecolecamondo.fr\/en\/sujet-libre\/aurore-cochard\/le-silence-comme-matiere-galerie-vivienne-paris\/#primaryimage","url":"https:\/\/diploma2021.ecolecamondo.fr\/content\/uploads\/2021\/07\/vue-1-lum.jpg","contentUrl":"https:\/\/diploma2021.ecolecamondo.fr\/content\/uploads\/2021\/07\/vue-1-lum.jpg","width":3543,"height":3543},{"@type":"BreadcrumbList","@id":"https:\/\/diploma2021.ecolecamondo.fr\/en\/sujet-libre\/aurore-cochard\/le-silence-comme-matiere-galerie-vivienne-paris\/#breadcrumb","itemListElement":[{"@type":"ListItem","position":1,"name":"Accueil","item":"https:\/\/diploma2021.ecolecamondo.fr\/en\/"},{"@type":"ListItem","position":2,"name":"Silence as matter, Galerie Vivienne, Paris"}]},{"@type":"WebSite","@id":"https:\/\/diploma2021.ecolecamondo.fr\/en\/#website","url":"https:\/\/diploma2021.ecolecamondo.fr\/en\/","name":"Diploma Camondo \u00e9dition 2021","description":"Travaux des \u00e9tudiants de 5e ann\u00e9e de l&#039;\u00c9cole Camondo","potentialAction":[{"@type":"SearchAction","target":{"@type":"EntryPoint","urlTemplate":"https:\/\/diploma2021.ecolecamondo.fr\/en\/?s={search_term_string}"},"query-input":{"@type":"PropertyValueSpecification","valueRequired":true,"valueName":"search_term_string"}}],"inLanguage":"en-US"}]}},"_links":{"self":[{"href":"https:\/\/diploma2021.ecolecamondo.fr\/en\/wp-json\/wp\/v2\/subject-free\/18471","targetHints":{"allow":["GET"]}}],"collection":[{"href":"https:\/\/diploma2021.ecolecamondo.fr\/en\/wp-json\/wp\/v2\/subject-free"}],"about":[{"href":"https:\/\/diploma2021.ecolecamondo.fr\/en\/wp-json\/wp\/v2\/types\/subject-free"}],"author":[{"embeddable":true,"href":"https:\/\/diploma2021.ecolecamondo.fr\/en\/wp-json\/wp\/v2\/users\/175"}],"wp:featuredmedia":[{"embeddable":true,"href":"https:\/\/diploma2021.ecolecamondo.fr\/en\/wp-json\/wp\/v2\/media\/18472"}],"wp:attachment":[{"href":"https:\/\/diploma2021.ecolecamondo.fr\/en\/wp-json\/wp\/v2\/media?parent=18471"}],"wp:term":[{"taxonomy":"keywords","embeddable":true,"href":"https:\/\/diploma2021.ecolecamondo.fr\/en\/wp-json\/wp\/v2\/keywords?post=18471"},{"taxonomy":"teachers_list_2","embeddable":true,"href":"https:\/\/diploma2021.ecolecamondo.fr\/en\/wp-json\/wp\/v2\/teachers_list_2?post=18471"}],"curies":[{"name":"wp","href":"https:\/\/api.w.org\/{rel}","templated":true}]}}