{"id":20583,"date":"2021-07-18T15:39:22","date_gmt":"2021-07-18T13:39:22","guid":{"rendered":"https:\/\/diploma2021.ecolecamondo.fr\/memoire\/xtu-architectes-biofacades-et-microalgues-vers-une-architecture-du-vivant\/"},"modified":"2021-09-08T18:27:40","modified_gmt":"2021-09-08T16:27:40","slug":"xtu-architectes-biofacades-et-microalgues-vers-une-architecture-du-vivant","status":"publish","type":"dissertation","link":"https:\/\/diploma2021.ecolecamondo.fr\/en\/memoire\/elise-roux\/xtu-architectes-biofacades-et-microalgues-vers-une-architecture-du-vivant\/","title":{"rendered":"Xtu Architects: Bio-fa\u00e7ades and micro algae, an architecture of the living?"},"content":{"rendered":"<article class=\"misc-separator bloc\">\n    <hr class=\"misc-separator__hr\">\n<\/article>\n\n\n\n<article class=\"text-title bloc\"><div class=\"text-title__content type-text\"><div class=\"text-title__wrapper wrapper typo-scope\"><p class=\"text-title__text h-paragraph style-center gut-hook-text\">LA BIOFA\u00e7ade comme \u00e9tude de cas<\/p><\/div><\/div><\/article>\n\n\n<article class=\"misc-separator bloc\">\n    <hr class=\"misc-separator__hr\">\n<\/article>\n\n\n\n<article class=\"text-paragraph bloc\"><div class=\"text-paragraph__content type-text\"><div class=\"text-paragraph__wrapper wrapper typo-scope\"><p class=\"text-paragraph__text p-paragraph style-center gut-hook-text\">Contraction de la<em> fa\u00e7ade<\/em> et du vivant <em>bio<\/em>, la fa\u00e7ade prendrait-elle vie?<br><br><\/p><\/div><\/div><\/article>\n\n\n<article class=\"img-fullscreen bloc\">\n    <div class=\"img-fullscreen__content type-image\">\n        <a href=\"https:\/\/diploma2021.ecolecamondo.fr\/content\/uploads\/2021\/07\/l4usne-nuvelle.jpg\" class=\"img-fullscreen__wrapper type-block cursor-more no-cursor-simple function-lightbox\">\n            <img decoding=\"async\" src=\"https:\/\/diploma2021.ecolecamondo.fr\/content\/uploads\/2021\/07\/l4usne-nuvelle.jpg\" class=\"img-fullscreen__img img-responsive\" alt=\"\">\n        <\/a>\n    <\/div>\n        <figcaption class=\"img-fullscreen__legend p-legend style-center typo-scope\"><em>Prototypage en laboratoire. Universit\u00e9 de Nantes sur l&#8217;Usine Nouvelle\n<\/em>\n<\/figcaption>\n    <\/article>\n\n\n<article class=\"misc-separator bloc\">\n    <hr class=\"misc-separator__hr\">\n<\/article>\n\n\n\n<article class=\"text-title bloc\"><div class=\"text-title__content type-text\"><div class=\"text-title__wrapper wrapper typo-scope\"><p class=\"text-title__text h-paragraph style-center gut-hook-text\">Concr\u00e9tisation, \u00e9tapes d&#8217;une r\u00e9alit\u00e9<\/p><\/div><\/div><\/article>\n\n\n<article class=\"misc-separator bloc\">\n    <hr class=\"misc-separator__hr\">\n<\/article>\n\n\n\n<article class=\"text-paragraph bloc\"><div class=\"text-paragraph__content type-text\"><div class=\"text-paragraph__wrapper wrapper typo-scope\"><p class=\"text-paragraph__text p-paragraph style-center gut-hook-text\">Le projet d&#8217;XTU consiste \u00e0 construire une fa\u00e7ade rideau compos\u00e9e de photobior\u00e9acteurs, des aquariums dans lesquels prolif\u00e8rent les microalgues: l&#8217;architecture devient support de l&#8217;algoculture. <br>Quels acteurs, quels financements, quels objectifs entrent en jeu dans la concr\u00e9tisation de tels projets ?<\/p><\/div><\/div><\/article>\n\n\n<article class=\"img-fullscreen bloc\">\n    <div class=\"img-fullscreen__content type-image\">\n        <a href=\"https:\/\/diploma2021.ecolecamondo.fr\/content\/uploads\/2021\/07\/xtu_algonomadcopie2.jpg\" class=\"img-fullscreen__wrapper type-block cursor-more no-cursor-simple function-lightbox\">\n            <img decoding=\"async\" src=\"https:\/\/diploma2021.ecolecamondo.fr\/content\/uploads\/2021\/07\/xtu_algonomadcopie2.jpg\" class=\"img-fullscreen__img img-responsive\" alt=\"\">\n        <\/a>\n    <\/div>\n        <figcaption class=\"img-fullscreen__legend p-legend style-center typo-scope\"><em>Pavillon Algonomad. XTU Architectes<\/em>\n<\/figcaption>\n    <\/article>\n\n\n<article class=\"misc-separator bloc\">\n    <hr class=\"misc-separator__hr\">\n<\/article>\n\n\n\n<article class=\"text-paragraph bloc\"><div class=\"text-paragraph__content type-text\"><div class=\"text-paragraph__wrapper wrapper typo-scope\"><p class=\"text-paragraph__text p-paragraph style-center gut-hook-text\">La finalit\u00e9 de cette enqu\u00eate \u00e9tait de comprendre les m\u00e9canismes d&#8217;un projet durable m\u00e9diatis\u00e9, pour permettre un recul critique et questionnement sur ce type de d\u00e9marche.<\/p><\/div><\/div><\/article>\n\n\n<article class=\"misc-separator bloc\">\n    <hr class=\"misc-separator__hr\">\n<\/article>\n\n\n<article class=\"media-pdf bloc\">\n    <div class=\"media-pdf__content type-pdf\">\n        <div class=\"media-pdf__container\">\n            <div class=\"_df_book\" height=\"500\" source=\"https:\/\/diploma2021.ecolecamondo.fr\/content\/uploads\/2021\/07\/roux_elise.pdf\">\n                <div class=\"cursor\">\n    <div class=\"cursor__more\"><\/div>\n    <div class=\"cursor__zoom\"><\/div>\n    <div class=\"cursor__hexagon\">\n        <svg width=\"22\" height=\"22\" viewBox=\"0 0 22 22\" fill=\"none\" xmlns=\"http:\/\/www.w3.org\/2000\/svg\">\n        <path class=\"path-main\" d=\"M2.83975 6.28867L11 1.57735L19.1603 6.28867V15.7113L11 20.4227L2.83975 15.7113V6.28867Z\" fill=\"black\" stroke=\"black\"\/>\n        <path class=\"path-second\" d=\"M1.97372 5.78867L11 0.57735L20.0263 5.78867V16.2113L11 21.4227L1.97372 16.2113V5.78867Z\" stroke=\"white\"\/>\n        <\/svg>\n    <\/div>\n<\/div>\n            <\/div>\n        <\/div>\n    <\/div>\n<\/article>\n","protected":false},"author":168,"featured_media":20584,"template":"","meta":{"_acf_changed":false,"_metafield_presentation":"Does sustainable, ecological architecture really exist? Today, green architectural projects represent Humanity and Nature living harmoniously together, with planted towers and floating cities. Many architects are keen to promote projects with a science fiction theme, with smooth, ideal images illuminated by an infallible sun. Qualified as sustainable, eco-designed, ecological and organic, many of these projects use biomimetics as a way of transforming \u201cordinary\u201d architecture while respecting the environment. Do these projects really keep their promises? How and why should we set up a \u201csustainable\u201d architectural project? Where does the media image stop and reality begin?","_metafield_image_toggle":true,"_metafield_image_legend":"Seaty, projet prospectif pour une ville flottante autonome gr\u00e2ce \u00e0 la culture des microalgues. XTU Architectes."},"keywords":[178,171,164],"teachers_list_1":[41],"class_list":["post-20583","dissertation","type-dissertation","status-publish","has-post-thumbnail","hentry","keywords-eco-design","keywords-new-technologies","keywords-research-approach","teachers_list_1-aurelien-lemonier"],"acf":[],"yoast_head":"<!-- This site is optimized with the Yoast SEO plugin v27.2 - https:\/\/yoast.com\/product\/yoast-seo-wordpress\/ -->\n<title>Xtu Architects: Bio-fa\u00e7ades and micro algae, an architecture of the living? - Diploma Camondo \u00e9dition 2021<\/title>\n<meta name=\"robots\" content=\"index, follow, max-snippet:-1, max-image-preview:large, max-video-preview:-1\" \/>\n<link rel=\"canonical\" href=\"https:\/\/diploma2021.ecolecamondo.fr\/en\/memoire\/elise-roux\/xtu-architectes-biofacades-et-microalgues-vers-une-architecture-du-vivant\/\" \/>\n<meta property=\"og:locale\" content=\"en_US\" \/>\n<meta property=\"og:type\" content=\"article\" \/>\n<meta property=\"og:title\" content=\"Xtu Architects: Bio-fa\u00e7ades and micro algae, an architecture of the living? - Diploma Camondo \u00e9dition 2021\" \/>\n<meta property=\"og:url\" content=\"https:\/\/diploma2021.ecolecamondo.fr\/en\/memoire\/elise-roux\/xtu-architectes-biofacades-et-microalgues-vers-une-architecture-du-vivant\/\" \/>\n<meta property=\"og:site_name\" content=\"Diploma Camondo \u00e9dition 2021\" \/>\n<meta property=\"article:publisher\" content=\"https:\/\/fr-fr.facebook.com\/Ecole-Camondo-162722323743179\/\" \/>\n<meta property=\"article:modified_time\" content=\"2021-09-08T16:27:40+00:00\" \/>\n<meta property=\"og:image\" content=\"https:\/\/diploma2021.ecolecamondo.fr\/content\/uploads\/2021\/07\/xtu_x-sea-ty.jpg\" \/>\n\t<meta property=\"og:image:width\" content=\"1500\" \/>\n\t<meta property=\"og:image:height\" content=\"990\" \/>\n\t<meta property=\"og:image:type\" content=\"image\/jpeg\" \/>\n<meta name=\"twitter:card\" content=\"summary_large_image\" \/>\n<meta name=\"twitter:label1\" content=\"Est. reading time\" \/>\n\t<meta name=\"twitter:data1\" content=\"1 minute\" \/>\n<script type=\"application\/ld+json\" class=\"yoast-schema-graph\">{\"@context\":\"https:\/\/schema.org\",\"@graph\":[{\"@type\":\"WebPage\",\"@id\":\"https:\/\/diploma2021.ecolecamondo.fr\/en\/memoire\/elise-roux\/xtu-architectes-biofacades-et-microalgues-vers-une-architecture-du-vivant\/\",\"url\":\"https:\/\/diploma2021.ecolecamondo.fr\/en\/memoire\/elise-roux\/xtu-architectes-biofacades-et-microalgues-vers-une-architecture-du-vivant\/\",\"name\":\"Xtu Architects: Bio-fa\u00e7ades and micro algae, an architecture of the living? - Diploma Camondo \u00e9dition 2021\",\"isPartOf\":{\"@id\":\"https:\/\/diploma2021.ecolecamondo.fr\/en\/#website\"},\"primaryImageOfPage\":{\"@id\":\"https:\/\/diploma2021.ecolecamondo.fr\/en\/memoire\/elise-roux\/xtu-architectes-biofacades-et-microalgues-vers-une-architecture-du-vivant\/#primaryimage\"},\"image\":{\"@id\":\"https:\/\/diploma2021.ecolecamondo.fr\/en\/memoire\/elise-roux\/xtu-architectes-biofacades-et-microalgues-vers-une-architecture-du-vivant\/#primaryimage\"},\"thumbnailUrl\":\"https:\/\/diploma2021.ecolecamondo.fr\/content\/uploads\/2021\/07\/xtu_x-sea-ty.jpg\",\"datePublished\":\"2021-07-18T13:39:22+00:00\",\"dateModified\":\"2021-09-08T16:27:40+00:00\",\"breadcrumb\":{\"@id\":\"https:\/\/diploma2021.ecolecamondo.fr\/en\/memoire\/elise-roux\/xtu-architectes-biofacades-et-microalgues-vers-une-architecture-du-vivant\/#breadcrumb\"},\"inLanguage\":\"en-US\",\"potentialAction\":[{\"@type\":\"ReadAction\",\"target\":[\"https:\/\/diploma2021.ecolecamondo.fr\/en\/memoire\/elise-roux\/xtu-architectes-biofacades-et-microalgues-vers-une-architecture-du-vivant\/\"]}]},{\"@type\":\"ImageObject\",\"inLanguage\":\"en-US\",\"@id\":\"https:\/\/diploma2021.ecolecamondo.fr\/en\/memoire\/elise-roux\/xtu-architectes-biofacades-et-microalgues-vers-une-architecture-du-vivant\/#primaryimage\",\"url\":\"https:\/\/diploma2021.ecolecamondo.fr\/content\/uploads\/2021\/07\/xtu_x-sea-ty.jpg\",\"contentUrl\":\"https:\/\/diploma2021.ecolecamondo.fr\/content\/uploads\/2021\/07\/xtu_x-sea-ty.jpg\",\"width\":1500,\"height\":990},{\"@type\":\"BreadcrumbList\",\"@id\":\"https:\/\/diploma2021.ecolecamondo.fr\/en\/memoire\/elise-roux\/xtu-architectes-biofacades-et-microalgues-vers-une-architecture-du-vivant\/#breadcrumb\",\"itemListElement\":[{\"@type\":\"ListItem\",\"position\":1,\"name\":\"Accueil\",\"item\":\"https:\/\/diploma2021.ecolecamondo.fr\/en\/\"},{\"@type\":\"ListItem\",\"position\":2,\"name\":\"M\u00e9moires\",\"item\":\"https:\/\/diploma2021.ecolecamondo.fr\/en\/memoire\/%student%\/\"},{\"@type\":\"ListItem\",\"position\":3,\"name\":\"Xtu Architects: Bio-fa\u00e7ades and micro algae, an architecture of the living?\"}]},{\"@type\":\"WebSite\",\"@id\":\"https:\/\/diploma2021.ecolecamondo.fr\/en\/#website\",\"url\":\"https:\/\/diploma2021.ecolecamondo.fr\/en\/\",\"name\":\"Diploma Camondo \u00e9dition 2021\",\"description\":\"Travaux des \u00e9tudiants de 5e ann\u00e9e de l&#039;\u00c9cole Camondo\",\"potentialAction\":[{\"@type\":\"SearchAction\",\"target\":{\"@type\":\"EntryPoint\",\"urlTemplate\":\"https:\/\/diploma2021.ecolecamondo.fr\/en\/?s={search_term_string}\"},\"query-input\":{\"@type\":\"PropertyValueSpecification\",\"valueRequired\":true,\"valueName\":\"search_term_string\"}}],\"inLanguage\":\"en-US\"}]}<\/script>\n<!-- \/ Yoast SEO plugin. -->","yoast_head_json":{"title":"Xtu Architects: Bio-fa\u00e7ades and micro algae, an architecture of the living? - Diploma Camondo \u00e9dition 2021","robots":{"index":"index","follow":"follow","max-snippet":"max-snippet:-1","max-image-preview":"max-image-preview:large","max-video-preview":"max-video-preview:-1"},"canonical":"https:\/\/diploma2021.ecolecamondo.fr\/en\/memoire\/elise-roux\/xtu-architectes-biofacades-et-microalgues-vers-une-architecture-du-vivant\/","og_locale":"en_US","og_type":"article","og_title":"Xtu Architects: Bio-fa\u00e7ades and micro algae, an architecture of the living? - Diploma Camondo \u00e9dition 2021","og_url":"https:\/\/diploma2021.ecolecamondo.fr\/en\/memoire\/elise-roux\/xtu-architectes-biofacades-et-microalgues-vers-une-architecture-du-vivant\/","og_site_name":"Diploma Camondo \u00e9dition 2021","article_publisher":"https:\/\/fr-fr.facebook.com\/Ecole-Camondo-162722323743179\/","article_modified_time":"2021-09-08T16:27:40+00:00","og_image":[{"width":1500,"height":990,"url":"https:\/\/diploma2021.ecolecamondo.fr\/content\/uploads\/2021\/07\/xtu_x-sea-ty.jpg","type":"image\/jpeg"}],"twitter_card":"summary_large_image","twitter_misc":{"Est. reading time":"1 minute"},"schema":{"@context":"https:\/\/schema.org","@graph":[{"@type":"WebPage","@id":"https:\/\/diploma2021.ecolecamondo.fr\/en\/memoire\/elise-roux\/xtu-architectes-biofacades-et-microalgues-vers-une-architecture-du-vivant\/","url":"https:\/\/diploma2021.ecolecamondo.fr\/en\/memoire\/elise-roux\/xtu-architectes-biofacades-et-microalgues-vers-une-architecture-du-vivant\/","name":"Xtu Architects: Bio-fa\u00e7ades and micro algae, an architecture of the living? - Diploma Camondo \u00e9dition 2021","isPartOf":{"@id":"https:\/\/diploma2021.ecolecamondo.fr\/en\/#website"},"primaryImageOfPage":{"@id":"https:\/\/diploma2021.ecolecamondo.fr\/en\/memoire\/elise-roux\/xtu-architectes-biofacades-et-microalgues-vers-une-architecture-du-vivant\/#primaryimage"},"image":{"@id":"https:\/\/diploma2021.ecolecamondo.fr\/en\/memoire\/elise-roux\/xtu-architectes-biofacades-et-microalgues-vers-une-architecture-du-vivant\/#primaryimage"},"thumbnailUrl":"https:\/\/diploma2021.ecolecamondo.fr\/content\/uploads\/2021\/07\/xtu_x-sea-ty.jpg","datePublished":"2021-07-18T13:39:22+00:00","dateModified":"2021-09-08T16:27:40+00:00","breadcrumb":{"@id":"https:\/\/diploma2021.ecolecamondo.fr\/en\/memoire\/elise-roux\/xtu-architectes-biofacades-et-microalgues-vers-une-architecture-du-vivant\/#breadcrumb"},"inLanguage":"en-US","potentialAction":[{"@type":"ReadAction","target":["https:\/\/diploma2021.ecolecamondo.fr\/en\/memoire\/elise-roux\/xtu-architectes-biofacades-et-microalgues-vers-une-architecture-du-vivant\/"]}]},{"@type":"ImageObject","inLanguage":"en-US","@id":"https:\/\/diploma2021.ecolecamondo.fr\/en\/memoire\/elise-roux\/xtu-architectes-biofacades-et-microalgues-vers-une-architecture-du-vivant\/#primaryimage","url":"https:\/\/diploma2021.ecolecamondo.fr\/content\/uploads\/2021\/07\/xtu_x-sea-ty.jpg","contentUrl":"https:\/\/diploma2021.ecolecamondo.fr\/content\/uploads\/2021\/07\/xtu_x-sea-ty.jpg","width":1500,"height":990},{"@type":"BreadcrumbList","@id":"https:\/\/diploma2021.ecolecamondo.fr\/en\/memoire\/elise-roux\/xtu-architectes-biofacades-et-microalgues-vers-une-architecture-du-vivant\/#breadcrumb","itemListElement":[{"@type":"ListItem","position":1,"name":"Accueil","item":"https:\/\/diploma2021.ecolecamondo.fr\/en\/"},{"@type":"ListItem","position":2,"name":"M\u00e9moires","item":"https:\/\/diploma2021.ecolecamondo.fr\/en\/memoire\/%student%\/"},{"@type":"ListItem","position":3,"name":"Xtu Architects: Bio-fa\u00e7ades and micro algae, an architecture of the living?"}]},{"@type":"WebSite","@id":"https:\/\/diploma2021.ecolecamondo.fr\/en\/#website","url":"https:\/\/diploma2021.ecolecamondo.fr\/en\/","name":"Diploma Camondo \u00e9dition 2021","description":"Travaux des \u00e9tudiants de 5e ann\u00e9e de l&#039;\u00c9cole Camondo","potentialAction":[{"@type":"SearchAction","target":{"@type":"EntryPoint","urlTemplate":"https:\/\/diploma2021.ecolecamondo.fr\/en\/?s={search_term_string}"},"query-input":{"@type":"PropertyValueSpecification","valueRequired":true,"valueName":"search_term_string"}}],"inLanguage":"en-US"}]}},"_links":{"self":[{"href":"https:\/\/diploma2021.ecolecamondo.fr\/en\/wp-json\/wp\/v2\/dissertation\/20583","targetHints":{"allow":["GET"]}}],"collection":[{"href":"https:\/\/diploma2021.ecolecamondo.fr\/en\/wp-json\/wp\/v2\/dissertation"}],"about":[{"href":"https:\/\/diploma2021.ecolecamondo.fr\/en\/wp-json\/wp\/v2\/types\/dissertation"}],"author":[{"embeddable":true,"href":"https:\/\/diploma2021.ecolecamondo.fr\/en\/wp-json\/wp\/v2\/users\/168"}],"wp:featuredmedia":[{"embeddable":true,"href":"https:\/\/diploma2021.ecolecamondo.fr\/en\/wp-json\/wp\/v2\/media\/20584"}],"wp:attachment":[{"href":"https:\/\/diploma2021.ecolecamondo.fr\/en\/wp-json\/wp\/v2\/media?parent=20583"}],"wp:term":[{"taxonomy":"keywords","embeddable":true,"href":"https:\/\/diploma2021.ecolecamondo.fr\/en\/wp-json\/wp\/v2\/keywords?post=20583"},{"taxonomy":"teachers_list_1","embeddable":true,"href":"https:\/\/diploma2021.ecolecamondo.fr\/en\/wp-json\/wp\/v2\/teachers_list_1?post=20583"}],"curies":[{"name":"wp","href":"https:\/\/api.w.org\/{rel}","templated":true}]}}