{"id":20138,"date":"2021-07-15T23:22:40","date_gmt":"2021-07-15T21:22:40","guid":{"rendered":"https:\/\/diploma2021.ecolecamondo.fr\/memoire\/les-espaces-artisanaux-en-ville-necessaire-adaptabilite-des-espaces-a-la-societe-moderne\/"},"modified":"2021-09-08T16:46:22","modified_gmt":"2021-09-08T14:46:22","slug":"les-espaces-artisanaux-en-ville-necessaire-adaptabilite-des-espaces-a-la-societe-moderne","status":"publish","type":"dissertation","link":"https:\/\/diploma2021.ecolecamondo.fr\/en\/memoire\/heloise-arbona\/les-espaces-artisanaux-en-ville-necessaire-adaptabilite-des-espaces-a-la-societe-moderne\/","title":{"rendered":"Artisanal spaces in cities: Necessary adaptability of spaces to modern society"},"content":{"rendered":"\n<article class=\"text-highlighted bloc\"><div class=\"text-highlighted__content type-text style-border-top-bottom\"><div class=\"text-highlighted__wrapper wrapper typo-scope\"><p class=\"text-highlighted__text p-highlighted style-center gut-hook-text\">\u00ab Penser r\u00e9versible \u00bb, c\u2019est anticiper l\u2019\u00e9volution d\u2019un \u00e9difice avant m\u00eame sa construction, pour all\u00e9ger au maximum les adaptations et leur co\u00fbt, lors de sa transformation<\/p><div class=\"text-highlighted__infos\"><p class=\"text-highlighted__author p-author style-center\"><span class=\"gut-hook-author\">Canal Architecture<\/span><span> &#8211; <\/span><span class=\"gut-hook-work\">Construire R\u00e9versible, \u00e9dition CANAL, Publication, 2017, p.1.<\/span><\/p><\/div><\/div><\/div><\/article>\n\n\n<article class=\"img-double-landscape bloc\">\n    <div class=\"img-double-landscape__content type-image\">\n        <div class=\"img-double-landscape__grid\">\n            <div class=\"row\">\n                <div class=\"col-xs-12 col-sp\">\n                    <a href=\"https:\/\/diploma2021.ecolecamondo.fr\/content\/uploads\/2021\/07\/grands-voisins-fermeture-paris.jpg\" class=\"img-double-landscape__wrapper type-block cursor-more no-cursor-simple function-lightbox\">\n                        <div class=\"img-double-landscape__placeholder style-background ar ar-custom-2 lazy\" data-src=\"https:\/\/diploma2021.ecolecamondo.fr\/content\/uploads\/2021\/07\/grands-voisins-fermeture-paris.jpg\" data-height=\"768\" data-width=\"1024\" alt=\"\"><\/div>\n                    <\/a>\n                <\/div>\n                <div class=\"col-xs-12 col-sp\">\n                    <a href=\"https:\/\/diploma2021.ecolecamondo.fr\/content\/uploads\/2021\/07\/darwn-nicolas-duffaure1.jpg\" class=\"img-double-landscape__wrapper type-block cursor-more no-cursor-simple function-lightbox\">\n                        <div class=\"img-double-landscape__placeholder style-background ar ar-custom-2 lazy\" data-src=\"https:\/\/diploma2021.ecolecamondo.fr\/content\/uploads\/2021\/07\/darwn-nicolas-duffaure1.jpg\" data-height=\"800\" data-width=\"1422\" alt=\"\"><\/div>\n                    <\/a>\n                <\/div>\n            <\/div>\n        <\/div>\n    <\/div>\n        <figcaption class=\"img-double-landscape__legend p-legend style-center typo-scope\"><em>Les Grands Voisins, Paris &#8211; Le Darwin, Bordeaux<\/em>\n<\/figcaption>\n    <\/article>\n\n\n<article class=\"media-pdf bloc\">\n    <div class=\"media-pdf__content type-pdf\">\n        <div class=\"media-pdf__container\">\n            <div class=\"_df_book\" height=\"500\" source=\"https:\/\/diploma2021.ecolecamondo.fr\/content\/uploads\/2021\/07\/arbona_heloise.pdf\">\n                <div class=\"cursor\">\n    <div class=\"cursor__more\"><\/div>\n    <div class=\"cursor__zoom\"><\/div>\n    <div class=\"cursor__hexagon\">\n        <svg width=\"22\" height=\"22\" viewBox=\"0 0 22 22\" fill=\"none\" xmlns=\"http:\/\/www.w3.org\/2000\/svg\">\n        <path class=\"path-main\" d=\"M2.83975 6.28867L11 1.57735L19.1603 6.28867V15.7113L11 20.4227L2.83975 15.7113V6.28867Z\" fill=\"black\" stroke=\"black\"\/>\n        <path class=\"path-second\" d=\"M1.97372 5.78867L11 0.57735L20.0263 5.78867V16.2113L11 21.4227L1.97372 16.2113V5.78867Z\" stroke=\"white\"\/>\n        <\/svg>\n    <\/div>\n<\/div>\n            <\/div>\n        <\/div>\n    <\/div>\n<\/article>\n\n\n<article class=\"img-triple-triptych bloc\">\n    <div class=\"img-triple-triptych__content type-image\">\n        <div class=\"img-triple-triptych__grid\">\n            <div class=\"row\">\n                <div class=\"col-xs-12 col-sm-4 col-sp\">\n                    <a href=\"https:\/\/diploma2021.ecolecamondo.fr\/content\/uploads\/2021\/07\/image00001_retouche-3460x2400.jpg\" class=\"img-triple-triptych__wrapper type-block cursor-more no-cursor-simple function-lightbox\">\n                        <div class=\"img-triple-triptych__placeholder style-background ar ar-custom-3 lazy\" data-src=\"https:\/\/diploma2021.ecolecamondo.fr\/content\/uploads\/2021\/07\/image00001_retouche-2768x1920.jpg\" data-height=\"2636\" data-width=\"3800\" alt=\"\"><\/div>\n                    <\/a>\n                <\/div>\n                <div class=\"col-xs-12 col-sm-4 col-sp\">\n                    <a href=\"https:\/\/diploma2021.ecolecamondo.fr\/content\/uploads\/2021\/07\/image00018_retouche-3200x2400.jpg\" class=\"img-triple-triptych__wrapper type-block cursor-more no-cursor-simple function-lightbox\">\n                        <div class=\"img-triple-triptych__placeholder style-background ar ar-custom-3 lazy\" data-src=\"https:\/\/diploma2021.ecolecamondo.fr\/content\/uploads\/2021\/07\/image00018_retouche-2560x1920.jpg\" data-height=\"3024\" data-width=\"4032\" alt=\"\"><\/div>\n                    <\/a>\n                <\/div>\n                <div class=\"col-xs-12 col-sm-4 col-sp\">\n                    <a href=\"https:\/\/diploma2021.ecolecamondo.fr\/content\/uploads\/2021\/07\/image00027_retouche-3200x2400.jpg\" class=\"img-triple-triptych__wrapper type-block cursor-more no-cursor-simple function-lightbox\">\n                        <div class=\"img-triple-triptych__placeholder style-background ar ar-custom-3 lazy\" data-src=\"https:\/\/diploma2021.ecolecamondo.fr\/content\/uploads\/2021\/07\/image00027_retouche-2560x1920.jpg\" data-height=\"3024\" data-width=\"4032\" alt=\"\"><\/div>\n                    <\/a>\n                <\/div>\n            <\/div>\n        <\/div>\n    <\/div>\n    <\/article>\n\n\n<article class=\"link-external bloc\">\n    <div class=\"link-external__content type-link style-border-top-bottom\">\n        <a href=\"https:\/\/heloise-arbona.fr\/\" class=\"link-external__link p-highlighted\" target=\"_blank\">Vous pouvez d\u00e9couvrir mon travail en cliquant ici<\/a>\n    <\/div>\n<\/article>\n","protected":false},"author":187,"featured_media":20140,"template":"","meta":{"_acf_changed":false,"_metafield_presentation":"How can we design our artisanal spaces in cities and occupy them differently? Is there a way of making this know-how last while integrating it into the existing space? Due to a lack of space and for economic reasons, many artisans join forces. There are now new production spaces where different trades share the same space. These craftsmen and women share tools, machines and lifestyles at their workplace, which fosters social relationships. For my research for this dissertation, I conducted interviews at various Parisian studios.","_metafield_image_toggle":false,"_metafield_image_legend":"Atelier d'artisan - Devin Berko"},"keywords":[159,174,162],"teachers_list_1":[154],"class_list":["post-20138","dissertation","type-dissertation","status-publish","has-post-thumbnail","hentry","keywords-arts-and-crafts","keywords-restoration","keywords-societal-field","teachers_list_1-aurelien-fouillet"],"acf":[],"yoast_head":"<!-- This site is optimized with the Yoast SEO plugin v27.2 - https:\/\/yoast.com\/product\/yoast-seo-wordpress\/ -->\n<title>Artisanal spaces in cities: Necessary adaptability of spaces to modern society - Diploma Camondo \u00e9dition 2021<\/title>\n<meta name=\"robots\" content=\"index, follow, max-snippet:-1, max-image-preview:large, max-video-preview:-1\" \/>\n<link rel=\"canonical\" href=\"https:\/\/diploma2021.ecolecamondo.fr\/en\/memoire\/heloise-arbona\/les-espaces-artisanaux-en-ville-necessaire-adaptabilite-des-espaces-a-la-societe-moderne\/\" \/>\n<meta property=\"og:locale\" content=\"en_US\" \/>\n<meta property=\"og:type\" content=\"article\" \/>\n<meta property=\"og:title\" content=\"Artisanal spaces in cities: Necessary adaptability of spaces to modern society - Diploma Camondo \u00e9dition 2021\" \/>\n<meta property=\"og:url\" content=\"https:\/\/diploma2021.ecolecamondo.fr\/en\/memoire\/heloise-arbona\/les-espaces-artisanaux-en-ville-necessaire-adaptabilite-des-espaces-a-la-societe-moderne\/\" \/>\n<meta property=\"og:site_name\" content=\"Diploma Camondo \u00e9dition 2021\" \/>\n<meta property=\"article:publisher\" content=\"https:\/\/fr-fr.facebook.com\/Ecole-Camondo-162722323743179\/\" \/>\n<meta property=\"article:modified_time\" content=\"2021-09-08T14:46:22+00:00\" \/>\n<meta property=\"og:image\" content=\"https:\/\/diploma2021.ecolecamondo.fr\/content\/uploads\/2021\/07\/mg_2325_recadre-1024x777.jpg\" \/>\n\t<meta property=\"og:image:width\" content=\"1024\" \/>\n\t<meta property=\"og:image:height\" content=\"777\" \/>\n\t<meta property=\"og:image:type\" content=\"image\/jpeg\" \/>\n<meta name=\"twitter:card\" content=\"summary_large_image\" \/>\n<script type=\"application\/ld+json\" class=\"yoast-schema-graph\">{\"@context\":\"https:\/\/schema.org\",\"@graph\":[{\"@type\":\"WebPage\",\"@id\":\"https:\/\/diploma2021.ecolecamondo.fr\/en\/memoire\/heloise-arbona\/les-espaces-artisanaux-en-ville-necessaire-adaptabilite-des-espaces-a-la-societe-moderne\/\",\"url\":\"https:\/\/diploma2021.ecolecamondo.fr\/en\/memoire\/heloise-arbona\/les-espaces-artisanaux-en-ville-necessaire-adaptabilite-des-espaces-a-la-societe-moderne\/\",\"name\":\"Artisanal spaces in cities: Necessary adaptability of spaces to modern society - Diploma Camondo \u00e9dition 2021\",\"isPartOf\":{\"@id\":\"https:\/\/diploma2021.ecolecamondo.fr\/en\/#website\"},\"primaryImageOfPage\":{\"@id\":\"https:\/\/diploma2021.ecolecamondo.fr\/en\/memoire\/heloise-arbona\/les-espaces-artisanaux-en-ville-necessaire-adaptabilite-des-espaces-a-la-societe-moderne\/#primaryimage\"},\"image\":{\"@id\":\"https:\/\/diploma2021.ecolecamondo.fr\/en\/memoire\/heloise-arbona\/les-espaces-artisanaux-en-ville-necessaire-adaptabilite-des-espaces-a-la-societe-moderne\/#primaryimage\"},\"thumbnailUrl\":\"https:\/\/diploma2021.ecolecamondo.fr\/content\/uploads\/2021\/07\/mg_2325_recadre.jpg\",\"datePublished\":\"2021-07-15T21:22:40+00:00\",\"dateModified\":\"2021-09-08T14:46:22+00:00\",\"breadcrumb\":{\"@id\":\"https:\/\/diploma2021.ecolecamondo.fr\/en\/memoire\/heloise-arbona\/les-espaces-artisanaux-en-ville-necessaire-adaptabilite-des-espaces-a-la-societe-moderne\/#breadcrumb\"},\"inLanguage\":\"en-US\",\"potentialAction\":[{\"@type\":\"ReadAction\",\"target\":[\"https:\/\/diploma2021.ecolecamondo.fr\/en\/memoire\/heloise-arbona\/les-espaces-artisanaux-en-ville-necessaire-adaptabilite-des-espaces-a-la-societe-moderne\/\"]}]},{\"@type\":\"ImageObject\",\"inLanguage\":\"en-US\",\"@id\":\"https:\/\/diploma2021.ecolecamondo.fr\/en\/memoire\/heloise-arbona\/les-espaces-artisanaux-en-ville-necessaire-adaptabilite-des-espaces-a-la-societe-moderne\/#primaryimage\",\"url\":\"https:\/\/diploma2021.ecolecamondo.fr\/content\/uploads\/2021\/07\/mg_2325_recadre.jpg\",\"contentUrl\":\"https:\/\/diploma2021.ecolecamondo.fr\/content\/uploads\/2021\/07\/mg_2325_recadre.jpg\",\"width\":3920,\"height\":2976},{\"@type\":\"BreadcrumbList\",\"@id\":\"https:\/\/diploma2021.ecolecamondo.fr\/en\/memoire\/heloise-arbona\/les-espaces-artisanaux-en-ville-necessaire-adaptabilite-des-espaces-a-la-societe-moderne\/#breadcrumb\",\"itemListElement\":[{\"@type\":\"ListItem\",\"position\":1,\"name\":\"Accueil\",\"item\":\"https:\/\/diploma2021.ecolecamondo.fr\/en\/\"},{\"@type\":\"ListItem\",\"position\":2,\"name\":\"M\u00e9moires\",\"item\":\"https:\/\/diploma2021.ecolecamondo.fr\/en\/memoire\/%student%\/\"},{\"@type\":\"ListItem\",\"position\":3,\"name\":\"Artisanal spaces in cities: Necessary adaptability of spaces to modern society\"}]},{\"@type\":\"WebSite\",\"@id\":\"https:\/\/diploma2021.ecolecamondo.fr\/en\/#website\",\"url\":\"https:\/\/diploma2021.ecolecamondo.fr\/en\/\",\"name\":\"Diploma Camondo \u00e9dition 2021\",\"description\":\"Travaux des \u00e9tudiants de 5e ann\u00e9e de l&#039;\u00c9cole Camondo\",\"potentialAction\":[{\"@type\":\"SearchAction\",\"target\":{\"@type\":\"EntryPoint\",\"urlTemplate\":\"https:\/\/diploma2021.ecolecamondo.fr\/en\/?s={search_term_string}\"},\"query-input\":{\"@type\":\"PropertyValueSpecification\",\"valueRequired\":true,\"valueName\":\"search_term_string\"}}],\"inLanguage\":\"en-US\"}]}<\/script>\n<!-- \/ Yoast SEO plugin. -->","yoast_head_json":{"title":"Artisanal spaces in cities: Necessary adaptability of spaces to modern society - Diploma Camondo \u00e9dition 2021","robots":{"index":"index","follow":"follow","max-snippet":"max-snippet:-1","max-image-preview":"max-image-preview:large","max-video-preview":"max-video-preview:-1"},"canonical":"https:\/\/diploma2021.ecolecamondo.fr\/en\/memoire\/heloise-arbona\/les-espaces-artisanaux-en-ville-necessaire-adaptabilite-des-espaces-a-la-societe-moderne\/","og_locale":"en_US","og_type":"article","og_title":"Artisanal spaces in cities: Necessary adaptability of spaces to modern society - Diploma Camondo \u00e9dition 2021","og_url":"https:\/\/diploma2021.ecolecamondo.fr\/en\/memoire\/heloise-arbona\/les-espaces-artisanaux-en-ville-necessaire-adaptabilite-des-espaces-a-la-societe-moderne\/","og_site_name":"Diploma Camondo \u00e9dition 2021","article_publisher":"https:\/\/fr-fr.facebook.com\/Ecole-Camondo-162722323743179\/","article_modified_time":"2021-09-08T14:46:22+00:00","og_image":[{"width":1024,"height":777,"url":"https:\/\/diploma2021.ecolecamondo.fr\/content\/uploads\/2021\/07\/mg_2325_recadre-1024x777.jpg","type":"image\/jpeg"}],"twitter_card":"summary_large_image","schema":{"@context":"https:\/\/schema.org","@graph":[{"@type":"WebPage","@id":"https:\/\/diploma2021.ecolecamondo.fr\/en\/memoire\/heloise-arbona\/les-espaces-artisanaux-en-ville-necessaire-adaptabilite-des-espaces-a-la-societe-moderne\/","url":"https:\/\/diploma2021.ecolecamondo.fr\/en\/memoire\/heloise-arbona\/les-espaces-artisanaux-en-ville-necessaire-adaptabilite-des-espaces-a-la-societe-moderne\/","name":"Artisanal spaces in cities: Necessary adaptability of spaces to modern society - Diploma Camondo \u00e9dition 2021","isPartOf":{"@id":"https:\/\/diploma2021.ecolecamondo.fr\/en\/#website"},"primaryImageOfPage":{"@id":"https:\/\/diploma2021.ecolecamondo.fr\/en\/memoire\/heloise-arbona\/les-espaces-artisanaux-en-ville-necessaire-adaptabilite-des-espaces-a-la-societe-moderne\/#primaryimage"},"image":{"@id":"https:\/\/diploma2021.ecolecamondo.fr\/en\/memoire\/heloise-arbona\/les-espaces-artisanaux-en-ville-necessaire-adaptabilite-des-espaces-a-la-societe-moderne\/#primaryimage"},"thumbnailUrl":"https:\/\/diploma2021.ecolecamondo.fr\/content\/uploads\/2021\/07\/mg_2325_recadre.jpg","datePublished":"2021-07-15T21:22:40+00:00","dateModified":"2021-09-08T14:46:22+00:00","breadcrumb":{"@id":"https:\/\/diploma2021.ecolecamondo.fr\/en\/memoire\/heloise-arbona\/les-espaces-artisanaux-en-ville-necessaire-adaptabilite-des-espaces-a-la-societe-moderne\/#breadcrumb"},"inLanguage":"en-US","potentialAction":[{"@type":"ReadAction","target":["https:\/\/diploma2021.ecolecamondo.fr\/en\/memoire\/heloise-arbona\/les-espaces-artisanaux-en-ville-necessaire-adaptabilite-des-espaces-a-la-societe-moderne\/"]}]},{"@type":"ImageObject","inLanguage":"en-US","@id":"https:\/\/diploma2021.ecolecamondo.fr\/en\/memoire\/heloise-arbona\/les-espaces-artisanaux-en-ville-necessaire-adaptabilite-des-espaces-a-la-societe-moderne\/#primaryimage","url":"https:\/\/diploma2021.ecolecamondo.fr\/content\/uploads\/2021\/07\/mg_2325_recadre.jpg","contentUrl":"https:\/\/diploma2021.ecolecamondo.fr\/content\/uploads\/2021\/07\/mg_2325_recadre.jpg","width":3920,"height":2976},{"@type":"BreadcrumbList","@id":"https:\/\/diploma2021.ecolecamondo.fr\/en\/memoire\/heloise-arbona\/les-espaces-artisanaux-en-ville-necessaire-adaptabilite-des-espaces-a-la-societe-moderne\/#breadcrumb","itemListElement":[{"@type":"ListItem","position":1,"name":"Accueil","item":"https:\/\/diploma2021.ecolecamondo.fr\/en\/"},{"@type":"ListItem","position":2,"name":"M\u00e9moires","item":"https:\/\/diploma2021.ecolecamondo.fr\/en\/memoire\/%student%\/"},{"@type":"ListItem","position":3,"name":"Artisanal spaces in cities: Necessary adaptability of spaces to modern society"}]},{"@type":"WebSite","@id":"https:\/\/diploma2021.ecolecamondo.fr\/en\/#website","url":"https:\/\/diploma2021.ecolecamondo.fr\/en\/","name":"Diploma Camondo \u00e9dition 2021","description":"Travaux des \u00e9tudiants de 5e ann\u00e9e de l&#039;\u00c9cole Camondo","potentialAction":[{"@type":"SearchAction","target":{"@type":"EntryPoint","urlTemplate":"https:\/\/diploma2021.ecolecamondo.fr\/en\/?s={search_term_string}"},"query-input":{"@type":"PropertyValueSpecification","valueRequired":true,"valueName":"search_term_string"}}],"inLanguage":"en-US"}]}},"_links":{"self":[{"href":"https:\/\/diploma2021.ecolecamondo.fr\/en\/wp-json\/wp\/v2\/dissertation\/20138","targetHints":{"allow":["GET"]}}],"collection":[{"href":"https:\/\/diploma2021.ecolecamondo.fr\/en\/wp-json\/wp\/v2\/dissertation"}],"about":[{"href":"https:\/\/diploma2021.ecolecamondo.fr\/en\/wp-json\/wp\/v2\/types\/dissertation"}],"author":[{"embeddable":true,"href":"https:\/\/diploma2021.ecolecamondo.fr\/en\/wp-json\/wp\/v2\/users\/187"}],"wp:featuredmedia":[{"embeddable":true,"href":"https:\/\/diploma2021.ecolecamondo.fr\/en\/wp-json\/wp\/v2\/media\/20140"}],"wp:attachment":[{"href":"https:\/\/diploma2021.ecolecamondo.fr\/en\/wp-json\/wp\/v2\/media?parent=20138"}],"wp:term":[{"taxonomy":"keywords","embeddable":true,"href":"https:\/\/diploma2021.ecolecamondo.fr\/en\/wp-json\/wp\/v2\/keywords?post=20138"},{"taxonomy":"teachers_list_1","embeddable":true,"href":"https:\/\/diploma2021.ecolecamondo.fr\/en\/wp-json\/wp\/v2\/teachers_list_1?post=20138"}],"curies":[{"name":"wp","href":"https:\/\/api.w.org\/{rel}","templated":true}]}}